{"id":1087,"date":"2016-05-19T14:08:19","date_gmt":"2016-05-19T13:08:19","guid":{"rendered":"http:\/\/www.laparolede.fr\/?page_id=1087"},"modified":"2018-06-24T22:11:19","modified_gmt":"2018-06-24T21:11:19","slug":"transmissions-familiales","status":"publish","type":"page","link":"http:\/\/www.laparolede.fr\/?page_id=1087","title":{"rendered":"Transmissions familiales"},"content":{"rendered":"<p><em><span style=\"font-weight: 300;\">Projet PRE de\u00a0La Maison des Passages, en partenariat avec la Cie \u00ab\u00a0La parole de\u00a0\u00bb, l&rsquo;Ecole Giono, le LAP de l&rsquo;\u00e9cole Giono, l&rsquo;AFEV de Octobre 2011 \u00e0 Mai 2012<\/span><\/em><\/p>\n<p><span style=\"font-weight: 300;\">Naissance de \u00ab\u00a0Transmissions familiales\u00a0\u00bb : Apr\u00e8s avoir vu le spectacle \u00ab\u00a0Parcours d\u2019un devenu fran\u00e7ais\u00a0\u00bb jou\u00e9 et mis en sc\u00e8ne par Sandra Jaganathen \u00e0 l\u2019\u00e9cole Giono (Lyon 8\u00e8me ) devant les enfants de CM2 et les parents, le directeur de l&rsquo;\u00e9cole ainsi que la Maison des Passages ont souhait\u00e9 faire appel \u00e0 la Cie \u00ab\u00a0la parole de\u00a0\u00bb pour travailler avec les parents de l&rsquo;\u00e9cole les th\u00e8mes de M\u00e9moire, transmission, identit\u00e9 et citoyennet\u00e9. Cela a donn\u00e9 naissance \u00e0 deux projets : \u00ab\u00a0les chants du monde\u00a0\u00bb avec les classes de CM1 et \u00ab\u00a0Transmissions familiales avec les parents du Lieu d&rsquo;accueil Parents<\/span><\/p>\n<p><span style=\"font-weight: 300;\"><em><em><em><a href=\"http:\/\/www.laparolede.fr\/wp-content\/uploads\/IMG_0931.jpg\"><img loading=\"lazy\" decoding=\"async\" class=\"aligncenter\" title=\"IMG_0931\" src=\"http:\/\/www.laparolede.fr\/wp-content\/uploads\/IMG_0931-300x160.jpg\" alt=\"\" width=\"300\" height=\"160\" \/><\/a><\/em><\/em><\/em> <\/span><\/p>\n<p>\u00ab\u00a0<em>Lorsque le projet \u00ab\u00a0Transmissions \u00bb\u00a0a \u00e9t\u00e9 con\u00e7u, avec pour sujet les trajectoires et transmissions familiales des familles du quartier Langlet Santy, il m\u2019a paru essentiel de travailler avec les parents. En effet, \u00a0si le souhait \u00e9tait que la parole circule entre les g\u00e9n\u00e9rations, il \u00e9tait n\u00e9cessaire de travailler avec les enfants (projet les chants du monde) mais aussi dans un m\u00eame temps mais un autre lieu, avec les parents de l\u2019\u00e9cole.<\/em><\/p>\n<p><em>\u00a0<em><a href=\"http:\/\/www.laparolede.fr\/wp-content\/uploads\/IMG_0363.jpg\"><img loading=\"lazy\" decoding=\"async\" class=\"alignright\" title=\"IMG_0363\" src=\"http:\/\/www.laparolede.fr\/wp-content\/uploads\/IMG_0363-150x150.jpg\" alt=\"\" width=\"150\" height=\"150\" \/><\/a><\/em><\/em><em style=\"font-weight: 300;\">\u00ab\u00a0<span style=\"font-weight: 300;\">8h d\u2019entretiens et de r\u00e9cits on \u00e9t\u00e9 r\u00e9alis\u00e9 avec une dizaine de mamans, autour des sujets abord\u00e9s dans le spectacle \u00ab\u00a0Parcours d&rsquo;un devenu fran\u00e7ais\u00a0\u00bb.\u00a0<\/span><span style=\"font-weight: 300;\">Ces discussions nous ont amen\u00e9 du terrain intime et familial \u00e0 un champ plus vaste qui est celui de l\u2019\u00e9ducation, de la soci\u00e9t\u00e9\u00a0 et du politique. Ils nous ont permis de r\u00e9fl\u00e9chir ensemble \u00e0 notre place de parent, d\u2019\u00e9ducateur, d\u2019adulte. Cela a permis de formuler des d\u00e9sirs&#8230;\u00a0\u00bb \u00a0 \u00a0 \u00a0 \u00a0 \u00a0 \u00a0\u00a0<\/span><\/em><\/p>\n<p><a href=\"http:\/\/www.laparolede.fr\/wp-content\/uploads\/IMG_0953.jpg\"><img loading=\"lazy\" decoding=\"async\" title=\"IMG_0953\" src=\"http:\/\/www.laparolede.fr\/wp-content\/uploads\/IMG_0953-225x300.jpg\" alt=\"\" width=\"225\" height=\"300\" \/><\/a><a href=\"http:\/\/www.laparolede.fr\/wp-content\/uploads\/IMG_0951.jpg\"><img loading=\"lazy\" decoding=\"async\" title=\"IMG_0951\" src=\"http:\/\/www.laparolede.fr\/wp-content\/uploads\/IMG_0951-300x225.jpg\" alt=\"\" width=\"300\" height=\"225\" \/><\/a><\/p>\n<p style=\"text-align: left;\"><em><em><em><a href=\"http:\/\/www.laparolede.fr\/wp-content\/uploads\/IMG_00381.jpg\"><img loading=\"lazy\" decoding=\"async\" title=\"IMG_0038\" src=\"http:\/\/www.laparolede.fr\/wp-content\/uploads\/IMG_00381-150x150.jpg\" alt=\"\" width=\"150\" height=\"150\" \/><\/a><\/em><\/em>Nous avons travaill\u00e9 en collaboration avec la\u00a0biblioth\u00e8que\u00a0de l\u2019\u00e9cole dans le <em><a href=\"http:\/\/www.laparolede.fr\/wp-content\/uploads\/IMG_0135-bis.jpg\"><img loading=\"lazy\" decoding=\"async\" class=\"alignright\" title=\"IMG_0135 bis\" src=\"http:\/\/www.laparolede.fr\/wp-content\/uploads\/IMG_0135-bis-300x161.jpg\" alt=\"\" width=\"300\" height=\"161\" \/><\/a><\/em>cadre d\u2019un projet avec\u00a0l\u2019Afev sur la d\u00e9couverte des diff\u00e9rents pays du monde. Nous avons d\u00e9cid\u00e9 ensemble de pr\u00e9senter plusieurs pays \u00e0 plusieurs classes de l\u2019\u00e9cole. L\u2019objectif \u00e9tait tout d\u2019abord de r\u00e9fl\u00e9chir ensemble \u00e0 ce qu\u2019on pouvait transmettre de ce pays aux enfants et ceci, en fonction de nos connaissances, de nos savoirs-faire, de nos origines, et de notre cr\u00e9ativit\u00e9.<\/em><\/p>\n<p><em>\u00a0\u00a0<a href=\"http:\/\/www.laparolede.fr\/wp-content\/uploads\/IMG_0327.jpg\"><img loading=\"lazy\" decoding=\"async\" class=\"size-thumbnail wp-image-1462 alignright\" title=\"IMG_0327\" src=\"http:\/\/www.laparolede.fr\/wp-content\/uploads\/IMG_0327-150x150.jpg\" alt=\"\" width=\"150\" height=\"150\" \/><\/a>\u00a0Dans un deuxi\u00e8me temps, je souhaitais aborder la repr\u00e9sentation th\u00e9\u00e2trale, par la prise de parole, la cr\u00e9ation en groupe d\u2019une manifestation o\u00f9 l\u2019on se met en jeu devant d\u2019autres, la libert\u00e9 de se costumer, et de cr\u00e9er quelque chose de beau.<\/em><\/p>\n<p><em><a href=\"http:\/\/www.laparolede.fr\/wp-content\/uploads\/IMG_0396.jpg\"><img loading=\"lazy\" decoding=\"async\" class=\"alignleft\" title=\"IMG_0396\" src=\"http:\/\/www.laparolede.fr\/wp-content\/uploads\/IMG_0396-300x157.jpg\" alt=\"\" width=\"300\" height=\"157\" \/><\/a>\u00a0 \u00a0 \u00a0 \u00a0 <\/em><em style=\"font-weight: 300;\">Nous avons r\u00e9alis\u00e9 cinq repr\u00e9sentations avec cinq pays diff\u00e9rents pour cinq classes diff\u00e9rentes\u00a0<\/em><em><em><em><a href=\"http:\/\/www.laparolede.fr\/wp-content\/uploads\/IMG_0752.jpg\"><br \/>\n<img loading=\"lazy\" decoding=\"async\" class=\"alignright\" title=\"IMG_0752\" src=\"http:\/\/www.laparolede.fr\/wp-content\/uploads\/IMG_0752-150x150.jpg\" alt=\"\" width=\"150\" height=\"150\" \/><\/a><\/em><\/em>(d\u2019\u00e2ges diff\u00e9rents). L\u2019Italie avec arlequin et le carnaval, la Turquie avec la c\u00e9r\u00e9monie du h\u00e9nn\u00e9, l\u2019Inde avec la f\u00eate des lumi\u00e8res, l\u2019Alg\u00e9rie avec le d\u00e9fil\u00e9 de robes traditionnelles et l\u2019Azerba\u00eedjan avec un mariage kurde.<\/em><\/p>\n<p><em><em><a href=\"http:\/\/www.laparolede.fr\/wp-content\/uploads\/IMG_0952.jpg\"><img loading=\"lazy\" decoding=\"async\" class=\"size-medium wp-image-1476 alignright\" title=\"IMG_0952\" src=\"http:\/\/www.laparolede.fr\/wp-content\/uploads\/IMG_0952-225x300.jpg\" alt=\"\" width=\"225\" height=\"300\" srcset=\"http:\/\/www.laparolede.fr\/wp-content\/uploads\/IMG_0952-225x300.jpg 225w, http:\/\/www.laparolede.fr\/wp-content\/uploads\/IMG_0952-768x1024.jpg 768w\" sizes=\"auto, (max-width: 225px) 100vw, 225px\" \/><br \/>\n<em><em><\/em><\/em><\/a><em><em><a href=\"http:\/\/www.laparolede.fr\/wp-content\/uploads\/IMG_0638.jpg\"><img loading=\"lazy\" decoding=\"async\" title=\"IMG_0638\" src=\"http:\/\/www.laparolede.fr\/wp-content\/uploads\/IMG_0638-300x169.jpg\" alt=\"\" width=\"300\" height=\"169\" \/><\/a><\/em><\/em><a href=\"http:\/\/www.laparolede.fr\/wp-content\/uploads\/IMG_0989.jpg\"><img loading=\"lazy\" decoding=\"async\" class=\"size-medium wp-image-1477 alignright\" title=\"IMG_0989\" src=\"http:\/\/www.laparolede.fr\/wp-content\/uploads\/IMG_0989-221x300.jpg\" alt=\"\" width=\"221\" height=\"300\" srcset=\"http:\/\/www.laparolede.fr\/wp-content\/uploads\/IMG_0989-221x300.jpg 221w, http:\/\/www.laparolede.fr\/wp-content\/uploads\/IMG_0989-756x1024.jpg 756w\" sizes=\"auto, (max-width: 221px) 100vw, 221px\" \/><\/a><\/em><\/em><\/p>\n<p><em><a href=\"http:\/\/www.laparolede.fr\/wp-content\/uploads\/IMG_0648.jpg\"><img loading=\"lazy\" decoding=\"async\" class=\"size-medium wp-image-1471 alignleft\" title=\"IMG_0648\" src=\"http:\/\/www.laparolede.fr\/wp-content\/uploads\/IMG_0648-300x164.jpg\" alt=\"\" width=\"300\" height=\"164\" srcset=\"http:\/\/www.laparolede.fr\/wp-content\/uploads\/IMG_0648-300x164.jpg 300w, http:\/\/www.laparolede.fr\/wp-content\/uploads\/IMG_0648-1024x562.jpg 1024w, http:\/\/www.laparolede.fr\/wp-content\/uploads\/IMG_0648-500x274.jpg 500w\" sizes=\"auto, (max-width: 300px) 100vw, 300px\" \/><\/a><\/em><em style=\"font-weight: 300;\">\u00a0 \u00a0Je voulais avec \u00ab\u00a0Transmissions familiales\u00a0\u00bb questionner et repr\u00e9senter ce qu&rsquo;il y avait de commun aux participantes du Lieu d&rsquo;Accueil Parents, tout en fabriquant du commun par la r\u00e9fl\u00e9xion et la cr\u00e9ation commune.\u00a0 \u00a0 \u00a0 \u00a0 \u00a0 \u00a0 \u00a0 \u00a0 \u00a0 \u00a0 \u00a0 \u00a0 \u00a0Dans un troisi\u00e8me temps nous avons particip\u00e9 au spectacle \u00ab\u00a0Travers\u00e9e\u00a0\u00bb (avec des enfants de CM2) mise en sc\u00e8ne par Sandra\u00a0Jaganathen; \u00a0avec un travail de lecture \u00e0 voix haute et d\u2019enregistrement des voix off du spectacle.\u00a0\u00bb Florence Meier<\/em><\/p>\n<p><em>\u00a0<\/em><\/p>\n<p><a href=\"http:\/\/www.laparolede.fr\/wp-content\/uploads\/IMG_0363.jpg\"><br \/>\n<\/a><\/p>\n<div><\/div>\n<div><\/div>\n<div><\/div>\n<div><\/div>\n<div><em style=\"color: #333333; font-weight: 300; line-height: 24.375px;\"><br \/>\n<\/em><\/div>\n<div><em style=\"font-weight: 300;\"><span style=\"font-weight: 300;\"><br \/>\n<\/span><\/em><\/div>\n<div><\/div>\n<div><em style=\"color: #333333; font-weight: 300; line-height: 24.375px;\"><br \/>\n<\/em><\/div>\n<div><em style=\"font-weight: 300;\"><span style=\"font-weight: 300;\"><em><br \/>\n<\/em><\/span><\/em><\/div>\n","protected":false},"excerpt":{"rendered":"<p>Projet PRE de\u00a0La Maison des Passages, en partenariat avec la Cie \u00ab\u00a0La parole de\u00a0\u00bb, l&rsquo;Ecole Giono, le LAP de l&rsquo;\u00e9cole Giono, l&rsquo;AFEV de Octobre 2011 \u00e0 Mai 2012 Naissance de \u00ab\u00a0Transmissions familiales\u00a0\u00bb : Apr\u00e8s avoir vu le spectacle \u00ab\u00a0Parcours d\u2019un &hellip; <a href=\"http:\/\/www.laparolede.fr\/?page_id=1087\">Continuer la lecture <span class=\"meta-nav\">&rarr;<\/span><\/a><\/p>\n","protected":false},"author":1,"featured_media":0,"parent":1015,"menu_order":0,"comment_status":"closed","ping_status":"closed","template":"","meta":{"ngg_post_thumbnail":0,"footnotes":""},"class_list":["post-1087","page","type-page","status-publish","hentry"],"jetpack_sharing_enabled":true,"_links":{"self":[{"href":"http:\/\/www.laparolede.fr\/index.php?rest_route=\/wp\/v2\/pages\/1087","targetHints":{"allow":["GET"]}}],"collection":[{"href":"http:\/\/www.laparolede.fr\/index.php?rest_route=\/wp\/v2\/pages"}],"about":[{"href":"http:\/\/www.laparolede.fr\/index.php?rest_route=\/wp\/v2\/types\/page"}],"author":[{"embeddable":true,"href":"http:\/\/www.laparolede.fr\/index.php?rest_route=\/wp\/v2\/users\/1"}],"replies":[{"embeddable":true,"href":"http:\/\/www.laparolede.fr\/index.php?rest_route=%2Fwp%2Fv2%2Fcomments&post=1087"}],"version-history":[{"count":24,"href":"http:\/\/www.laparolede.fr\/index.php?rest_route=\/wp\/v2\/pages\/1087\/revisions"}],"predecessor-version":[{"id":1266,"href":"http:\/\/www.laparolede.fr\/index.php?rest_route=\/wp\/v2\/pages\/1087\/revisions\/1266"}],"up":[{"embeddable":true,"href":"http:\/\/www.laparolede.fr\/index.php?rest_route=\/wp\/v2\/pages\/1015"}],"wp:attachment":[{"href":"http:\/\/www.laparolede.fr\/index.php?rest_route=%2Fwp%2Fv2%2Fmedia&parent=1087"}],"curies":[{"name":"wp","href":"https:\/\/api.w.org\/{rel}","templated":true}]}}