{"id":181,"date":"2012-10-27T20:24:44","date_gmt":"2012-10-27T19:24:44","guid":{"rendered":"http:\/\/www.laparolede.fr\/?page_id=181"},"modified":"2018-09-27T12:37:44","modified_gmt":"2018-09-27T11:37:44","slug":"ca-sest-passe","status":"publish","type":"page","link":"http:\/\/www.laparolede.fr\/?page_id=181","title":{"rendered":"\u00ab\u00a0Les Have Not\u00a0\u00bb  Version Concert 2017"},"content":{"rendered":"<h2><strong>&nbsp; &nbsp; &nbsp; &nbsp; &nbsp; &nbsp; &nbsp; &nbsp; &nbsp; &nbsp; &nbsp;&nbsp;<\/strong><strong>\u00ab&nbsp;Les Have not&nbsp;\u00bb Version Concert 2017\/2018<\/strong><\/h2>\n<p><span style=\"font-weight: 300;\">&nbsp; &nbsp; &nbsp; &nbsp; &nbsp; &nbsp; &nbsp; &nbsp; &nbsp; &nbsp;Concert de Th\u00e9\u00e2tre musical&#8230;<\/span><span style=\"font-weight: 300;\">Musique \/ Po\u00e9sie \/Th\u00e9\u00e2tre<\/span><\/p>\n<p><iframe loading=\"lazy\" title=\"Teaser Les Have Not version concert cr\u00e9ation la parole de 2018\" width=\"584\" height=\"329\" src=\"https:\/\/www.youtube.com\/embed\/KFnvGavzP_U?feature=oembed\" frameborder=\"0\" allow=\"accelerometer; autoplay; clipboard-write; encrypted-media; gyroscope; picture-in-picture; web-share\" referrerpolicy=\"strict-origin-when-cross-origin\" allowfullscreen><\/iframe><\/p>\n<p align=\"right\">Cr\u00e9ation et interpr\u00e9tation musicale : Fred Meyer (Guitare \u00e9l\u00e9ctrique)&nbsp; &nbsp; &nbsp; &nbsp; &nbsp; &nbsp; &nbsp; &nbsp; &nbsp; &nbsp; &nbsp; &nbsp; &nbsp; &nbsp; &nbsp; &nbsp; &nbsp; &nbsp; &nbsp; &nbsp; &nbsp; &nbsp; &nbsp; &nbsp; &nbsp; &nbsp; &nbsp; &nbsp; &nbsp; &nbsp; &nbsp; &nbsp; &nbsp; &nbsp; &nbsp; &nbsp; &nbsp; &nbsp; &nbsp; &nbsp; &nbsp; &nbsp; &nbsp; &nbsp; &nbsp; &nbsp; &nbsp; &nbsp; &nbsp; &nbsp; &nbsp;<span style=\"font-weight: 300;\">Mag Mooken (Percussions)&nbsp; &nbsp; &nbsp; &nbsp; &nbsp; &nbsp; &nbsp; &nbsp; &nbsp; &nbsp; &nbsp; &nbsp; &nbsp; &nbsp; &nbsp; &nbsp; &nbsp; &nbsp; &nbsp; &nbsp; &nbsp; &nbsp; &nbsp; &nbsp; &nbsp; &nbsp; &nbsp; &nbsp; &nbsp; &nbsp; &nbsp; &nbsp; &nbsp; &nbsp; &nbsp; &nbsp; &nbsp; &nbsp; &nbsp; &nbsp; &nbsp; &nbsp; &nbsp; &nbsp; &nbsp; &nbsp; &nbsp; &nbsp; &nbsp; &nbsp; &nbsp; &nbsp; &nbsp; &nbsp; &nbsp;&nbsp;<\/span><span style=\"font-weight: 300;\">&nbsp;<\/span><em style=\"font-weight: 300;\">&nbsp;<\/em><span style=\"font-weight: 300;\">Voix et jeu : Florence Meier&nbsp; &nbsp; &nbsp; &nbsp; &nbsp; &nbsp; &nbsp; &nbsp; &nbsp; &nbsp; &nbsp; &nbsp; &nbsp; &nbsp; &nbsp; &nbsp; &nbsp; &nbsp; &nbsp; &nbsp; &nbsp; &nbsp; &nbsp; &nbsp; &nbsp; &nbsp; &nbsp; &nbsp; &nbsp; &nbsp; &nbsp; &nbsp; &nbsp; &nbsp; &nbsp; &nbsp; &nbsp; &nbsp; &nbsp; &nbsp; &nbsp; &nbsp; &nbsp; &nbsp; &nbsp; &nbsp; &nbsp; &nbsp; &nbsp; &nbsp; &nbsp; &nbsp; &nbsp; &nbsp; &nbsp; &nbsp; &nbsp; &nbsp;et Renaud Rocher&nbsp; &nbsp; &nbsp; &nbsp; <a href=\"http:\/\/www.laparolede.fr\/wp-content\/uploads\/10_Renaud.jpg\"><img loading=\"lazy\" decoding=\"async\" class=\"alignnone size-medium wp-image-1557\" title=\"10_Renaud\" src=\"http:\/\/www.laparolede.fr\/wp-content\/uploads\/10_Renaud-300x173.jpg\" alt=\"\" width=\"300\" height=\"173\" srcset=\"http:\/\/www.laparolede.fr\/wp-content\/uploads\/10_Renaud-300x173.jpg 300w, http:\/\/www.laparolede.fr\/wp-content\/uploads\/10_Renaud-1024x593.jpg 1024w, http:\/\/www.laparolede.fr\/wp-content\/uploads\/10_Renaud-500x289.jpg 500w\" sizes=\"auto, (max-width: 300px) 100vw, 300px\" \/><\/a>&nbsp; &nbsp; &nbsp; &nbsp; &nbsp; &nbsp; &nbsp; &nbsp; &nbsp; &nbsp; &nbsp; &nbsp; &nbsp; &nbsp; &nbsp; &nbsp; &nbsp; &nbsp; &nbsp;&nbsp;<\/span><\/p>\n<p align=\"right\"><span style=\"font-weight: 300;\">&nbsp;<\/span><span style=\"font-weight: 300;\">Textes : Renaud Rocher&nbsp; &nbsp; &nbsp; &nbsp;&nbsp;<\/span><span style=\"font-weight: 300;\">Mise en sc\u00e8ne : Florence Meier<\/span><\/p>\n<p style=\"text-align: left;\" align=\"right\">T\u00e9l\u00e9charger le dossier ici :&nbsp; <a href=\"http:\/\/www.laparolede.fr\/wp-content\/uploads\/have-not-.pdf\">have not<\/a><\/p>\n<p><strong>Les \u00ab\u00a0Have not\u00a0\u00bb<\/strong>, ce sont un guitariste et un percussionniste, une com\u00e9dienne et un com\u00e9dien qui portent sur sc\u00e8ne la parole et les sentiments de citoyens. C&rsquo;est une cr\u00e9ation artistique, musicale et po\u00e9tique cr\u00e9\u00e9e \u00e0 partir des t\u00e9moignages d&rsquo;habitants des quartiers populaires de la r\u00e9gion lyonnaise et des alentours&#8230;recueillis sur plusieurs mois par la Cie \u00ab\u00a0La parole de\u00a0\u00bb et la Maison des Passages sur le th\u00e8me de la dignit\u00e9<strong>&nbsp;<\/strong><\/p>\n<p><strong>Les textes<\/strong> mis en voix et en corps traduisent le regard critique, plein d\u2019humour, d\u2019insolence et de col\u00e8re, d&rsquo;habitants qui sont confront\u00e9s dans leur quotidien \u00e0 des situations humiliantes ou qu&rsquo;ils consid\u00e8rent comme des atteintes \u00e0 &nbsp;leur dignit\u00e9. Ces r\u00e9cits intimes deviennent po\u00e8mes de r\u00e9volte, expression d&rsquo;une parole collective et incarnation d&rsquo;une dignit\u00e9 bafou\u00e9e. Ils sont un appel \u00e0 la libert\u00e9 et \u00e0 l&rsquo;\u00e9galit\u00e9. L&rsquo;acte artistique th\u00e9\u00e2tral et musical devient alors le lieu d&rsquo;un partage, d&rsquo;un engagement : celui de faire entendre ces voix, ici et ailleurs.<\/p>\n<p><em style=\"font-weight: 300;\">\u00ab&nbsp;Si j\u2019\u00e9cris c\u2019est pour que ma voix vous parvienne&nbsp; &nbsp; &nbsp; &nbsp; &nbsp; &nbsp; &nbsp; &nbsp; &nbsp; &nbsp; &nbsp; &nbsp; &nbsp; &nbsp; &nbsp; &nbsp; &nbsp; &nbsp; &nbsp; &nbsp; &nbsp; &nbsp; &nbsp; &nbsp; &nbsp; &nbsp; &nbsp; &nbsp; &nbsp; &nbsp; &nbsp; &nbsp; <\/em><em style=\"font-weight: 300;\">Voix de chaux et sang voix d\u2019ailes et de fureurs&nbsp; &nbsp; &nbsp; &nbsp; &nbsp; &nbsp; &nbsp; &nbsp; &nbsp; &nbsp; &nbsp; &nbsp; &nbsp; &nbsp; &nbsp; &nbsp; &nbsp; &nbsp; &nbsp; &nbsp; &nbsp; &nbsp; &nbsp; &nbsp; &nbsp; &nbsp; &nbsp; &nbsp; &nbsp; &nbsp; &nbsp; &nbsp; &nbsp; <\/em><em style=\"font-weight: 300;\">Goutte de soleil ou d\u2019ombre dans laquelle palpitent nos sentiments.&nbsp;\u00bb&nbsp;&nbsp;<\/em><em style=\"font-weight: 300;\">Andr\u00e9 Laude<\/em><\/p>\n<p><strong>La cr\u00e9ation musicale <\/strong>des \u00ab&nbsp;Have Not&nbsp;\u00bb puise dans plusieurs styles musicaux dans une esth\u00e9tique globale plut\u00f4t rock&nbsp;allant du punk type Clash \u00ab\u00a0Police on my back\u00a0\u00bb&nbsp;aux riffs heavy-metal type \u00ab\u00a0Rage Again The Machine\u00a0\u00bb, passant d&rsquo;une guitare&nbsp;blues lancinante a un&nbsp;reggae-dub , d&rsquo;un groove funky \u00e0 une tourne de percussion orientale&nbsp;et par quelques loop \u00e9l\u00e9ctro-indus.<\/p>\n<p>Le duo guitare \u00e9lectrique\/batterie-percussion propose ainsi un mini-combo dont le son peut s&rsquo;enrichir de boucles pr\u00e9enregistr\u00e9es ou faites en direct, donnant plus d&rsquo;ampleur au son et en variant les textures.<\/p>\n<p>Chaque tableau \u00e0 une ambiance musicale bien d\u00e9finit en interaction avec le texte dont elle vient tant\u00f4t souligner le propos, le mettre en sc\u00e8ne sous forme d&rsquo;habillage sonore ou au contraire s&rsquo;y confronter quitte \u00e0 en brouiller les codes en cr\u00e9ant ainsi un autre niveau de lecture.<\/p>\n<p><strong>Sur sc\u00e8ne<\/strong> les com\u00e9diens parlent, t\u00e9moignent. Les musiciens improvisent, font vibrer les corps et les c\u0153urs. Quand la musique traduit l\u2019intensit\u00e9 des \u00e9motions et des sentiments \u00e9prouv\u00e9s, la guitare se met alors \u00e0 parler\u2026 Le texte, le jeu et la musique se compl\u00e8tent, se m\u00ealent pour mieux saisir ce qui a \u00e9t\u00e9 v\u00e9cu, ressenti ext\u00e9rieurement comme \u00e0 un niveau beaucoup plus intime. Le r\u00e9cit devient po\u00e8me, chant, gestes, regards, sons, m\u00e9lodie, rythme, cris. Le spectateur est alors t\u00e9moin : il entend, voit, ressent, s&rsquo;interroge..<\/p>\n<p><strong> &nbsp; Les \u00ab&nbsp; Have Not \u00bb&nbsp; <\/strong>&nbsp;<strong>Cr\u00e9ation 2013&nbsp; &nbsp; &nbsp; &nbsp; &nbsp; &nbsp; &nbsp; &nbsp; &nbsp; &nbsp; &nbsp; &nbsp; &nbsp; &nbsp; &nbsp; &nbsp; &nbsp; &nbsp; &nbsp; &nbsp; &nbsp; &nbsp; &nbsp; &nbsp; &nbsp; &nbsp; &nbsp; &nbsp; &nbsp; &nbsp; &nbsp; &nbsp; &nbsp; &nbsp; &nbsp; &nbsp; &nbsp; &nbsp; &nbsp; &nbsp; &nbsp; &nbsp; &nbsp; &nbsp; &nbsp; &nbsp;&nbsp;<\/strong><em style=\"font-weight: 300;\">Th\u00e9\u00e2tre t\u00e9moignage et Musique \u00e0 partir de 20 histoires vraies \/&nbsp;<em>Les \u00ab Have Not \u00bb \u00ab ceux qui n\u2019ont pas\/ceux qui ont peu \u00bb est en r\u00e9f\u00e9rence \u00e0 un mouvement aux USA&nbsp;de personnes vivant dans la pr\u00e9carit\u00e9.<\/em><\/em><\/p>\n<p><strong><em><strong><em><a href=\"http:\/\/www.laparolede.fr\/wp-content\/uploads\/DSC002252.jpg\"><img loading=\"lazy\" decoding=\"async\" class=\"size-medium wp-image-1742 alignright\" title=\"DSC00225\" src=\"http:\/\/www.laparolede.fr\/wp-content\/uploads\/DSC002252-300x213.jpg\" alt=\"\" width=\"300\" height=\"213\" srcset=\"http:\/\/www.laparolede.fr\/wp-content\/uploads\/DSC002252-300x213.jpg 300w, http:\/\/www.laparolede.fr\/wp-content\/uploads\/DSC002252-1024x727.jpg 1024w, http:\/\/www.laparolede.fr\/wp-content\/uploads\/DSC002252-422x300.jpg 422w\" sizes=\"auto, (max-width: 300px) 100vw, 300px\" \/><\/a><\/em><\/strong><\/em><\/strong><\/p>\n<p><strong><em><strong><em>Extrait&nbsp; &nbsp; &nbsp; &nbsp; &nbsp; &nbsp; &nbsp; &nbsp; &nbsp; &nbsp; &nbsp; &nbsp; &nbsp; &nbsp; &nbsp; &nbsp; &nbsp; &nbsp; &nbsp; &nbsp; &nbsp; &nbsp; &nbsp; &nbsp; &nbsp; &nbsp; &nbsp; &nbsp; &nbsp; &nbsp; &nbsp; &nbsp; &nbsp; &nbsp; &nbsp; &nbsp; &nbsp; &nbsp; &nbsp; &nbsp; &nbsp; &nbsp; &nbsp; &nbsp; &nbsp; &nbsp; &nbsp; &nbsp; &nbsp; &nbsp; &nbsp; &nbsp; &nbsp; &nbsp; &nbsp; &nbsp; &nbsp; &nbsp; &nbsp; &nbsp; &nbsp; &nbsp; &nbsp; &nbsp; &nbsp; &nbsp; &nbsp; &nbsp; &nbsp; &nbsp; &nbsp; &nbsp; &nbsp; &nbsp; &nbsp; &nbsp; &nbsp; &nbsp; &nbsp; &nbsp;<\/em><\/strong><\/em><\/strong><em style=\"font-weight: 300;\">\u00ab&nbsp;<\/em><em style=\"font-weight: 300;\">R&nbsp;: Je suis Antoine, 35 ans, demandeur d\u2019emploi. Je me suis pr\u00e9sent\u00e9 dans une cha\u00eene de vente par correspondance pour un poste de r\u00e9ceptionniste des commandes par t\u00e9l\u00e9phone. J\u2019ai soign\u00e9 ma tenue autant que possible pour cette occasion. Je vais \u00e0 l\u2019entretien. J\u2019entre dans le bureau o\u00f9 j\u2019ai RDV. La pr\u00e9pos\u00e9e au recrutement me regarda des pieds \u00e0 la t\u00eate et me dit tout simplement&nbsp;:&nbsp; &nbsp; &nbsp; &nbsp; &nbsp; &nbsp; &nbsp; &nbsp; &nbsp; &nbsp; &nbsp; &nbsp; &nbsp; &nbsp; &nbsp; &nbsp; &nbsp; &nbsp; &nbsp; &nbsp; &nbsp; &nbsp;K&nbsp;:Non, \u00e7a ne va pas&nbsp;!&nbsp; &nbsp; &nbsp; &nbsp; &nbsp; &nbsp; &nbsp; &nbsp; &nbsp; &nbsp; &nbsp; &nbsp; &nbsp; &nbsp; &nbsp; &nbsp; &nbsp; &nbsp; &nbsp; &nbsp; &nbsp; &nbsp; &nbsp; &nbsp; &nbsp; &nbsp; &nbsp; &nbsp; &nbsp; &nbsp; &nbsp; &nbsp; &nbsp; &nbsp; &nbsp; &nbsp; &nbsp; &nbsp; &nbsp; &nbsp; &nbsp; &nbsp; &nbsp; &nbsp; &nbsp; &nbsp; &nbsp; &nbsp; &nbsp; &nbsp; &nbsp; &nbsp; R&nbsp;<\/em><em style=\"font-weight: 300;\">: Ce f\u00fbt bref\u2026&nbsp;\u00bb&nbsp; &nbsp; &nbsp; &nbsp; &nbsp; &nbsp; &nbsp; &nbsp; &nbsp; &nbsp; &nbsp; &nbsp; &nbsp; &nbsp; &nbsp; &nbsp; &nbsp; &nbsp; &nbsp; &nbsp; &nbsp; &nbsp; &nbsp; &nbsp; &nbsp; &nbsp; &nbsp; &nbsp; &nbsp; &nbsp; &nbsp; &nbsp; &nbsp; &nbsp; &nbsp; &nbsp; &nbsp; &nbsp; &nbsp; &nbsp; &nbsp; &nbsp; &nbsp; &nbsp; &nbsp; &nbsp; &nbsp; &nbsp;<\/em><strong><em><br \/>\n<\/em><\/strong><\/p>\n<p style=\"text-align: right;\"><a href=\"http:\/\/www.laparolede.fr\/wp-content\/uploads\/flyer_Have_NotVF.jpg\"><img loading=\"lazy\" decoding=\"async\" class=\"alignnone size-medium wp-image-1566\" title=\"flyer_Have_NotVF\" src=\"http:\/\/www.laparolede.fr\/wp-content\/uploads\/flyer_Have_NotVF-300x211.jpg\" alt=\"\" width=\"300\" height=\"211\" srcset=\"http:\/\/www.laparolede.fr\/wp-content\/uploads\/flyer_Have_NotVF-300x211.jpg 300w, http:\/\/www.laparolede.fr\/wp-content\/uploads\/flyer_Have_NotVF-425x300.jpg 425w, http:\/\/www.laparolede.fr\/wp-content\/uploads\/flyer_Have_NotVF.jpg 596w\" sizes=\"auto, (max-width: 300px) 100vw, 300px\" \/><\/a><a href=\"http:\/\/www.laparolede.fr\/wp-content\/uploads\/flyer_Have_NotVF21.jpg\"><img loading=\"lazy\" decoding=\"async\" class=\"alignnone size-medium wp-image-1568\" title=\"flyer_Have_NotVF2\" src=\"http:\/\/www.laparolede.fr\/wp-content\/uploads\/flyer_Have_NotVF21-300x211.jpg\" alt=\"\" width=\"300\" height=\"211\" srcset=\"http:\/\/www.laparolede.fr\/wp-content\/uploads\/flyer_Have_NotVF21-300x211.jpg 300w, http:\/\/www.laparolede.fr\/wp-content\/uploads\/flyer_Have_NotVF21-425x300.jpg 425w, http:\/\/www.laparolede.fr\/wp-content\/uploads\/flyer_Have_NotVF21.jpg 596w\" sizes=\"auto, (max-width: 300px) 100vw, 300px\" \/><\/a><a href=\"http:\/\/www.laparolede.fr\/wp-content\/uploads\/tract-have-not-20013.jpg\"><img loading=\"lazy\" decoding=\"async\" class=\"alignnone size-medium wp-image-1334\" title=\"tract have not 20013\" src=\"http:\/\/www.laparolede.fr\/wp-content\/uploads\/tract-have-not-20013-207x300.jpg\" alt=\"\" width=\"207\" height=\"300\" srcset=\"http:\/\/www.laparolede.fr\/wp-content\/uploads\/tract-have-not-20013-207x300.jpg 207w, http:\/\/www.laparolede.fr\/wp-content\/uploads\/tract-have-not-20013-707x1024.jpg 707w, http:\/\/www.laparolede.fr\/wp-content\/uploads\/tract-have-not-20013.jpg 1155w\" sizes=\"auto, (max-width: 207px) 100vw, 207px\" \/><\/a><a href=\"http:\/\/www.laparolede.fr\/wp-content\/uploads\/tract-have-not-100021.jpg\"><img loading=\"lazy\" decoding=\"async\" class=\"alignnone size-medium wp-image-1570\" title=\"tract have not 10002\" src=\"http:\/\/www.laparolede.fr\/wp-content\/uploads\/tract-have-not-100021-200x300.jpg\" alt=\"\" width=\"200\" height=\"300\" srcset=\"http:\/\/www.laparolede.fr\/wp-content\/uploads\/tract-have-not-100021-200x300.jpg 200w, http:\/\/www.laparolede.fr\/wp-content\/uploads\/tract-have-not-100021-685x1024.jpg 685w, http:\/\/www.laparolede.fr\/wp-content\/uploads\/tract-have-not-100021.jpg 1105w\" sizes=\"auto, (max-width: 200px) 100vw, 200px\" \/><\/a><a href=\"http:\/\/www.laparolede.fr\/wp-content\/uploads\/Positif_caf\u00e9_R2.jpg\"><img loading=\"lazy\" decoding=\"async\" class=\"alignnone size-medium wp-image-1565\" title=\"Positif_caf\u00e9_R\" src=\"http:\/\/www.laparolede.fr\/wp-content\/uploads\/Positif_caf\u00e9_R2-211x300.jpg\" alt=\"\" width=\"211\" height=\"300\" srcset=\"http:\/\/www.laparolede.fr\/wp-content\/uploads\/Positif_caf\u00e9_R2-211x300.jpg 211w, http:\/\/www.laparolede.fr\/wp-content\/uploads\/Positif_caf\u00e9_R2.jpg 420w\" sizes=\"auto, (max-width: 211px) 100vw, 211px\" \/><\/a><\/p>\n<p><strong>Les Auteurs :&nbsp;<\/strong>Abdela, Amel, Daouia, Farida, Fatna, Marie-Th\u00e9r\u00e8se, Nadifa, Nathalie, Sa\u00efd, Saida, Simona, Sonia, Sylvie, Zohra, Zoubida (Habitants de Lyon, de Pierre B\u00e9nite, et de Chambon Feugerolles).&nbsp; &nbsp; &nbsp; &nbsp; &nbsp; &nbsp; &nbsp; &nbsp; &nbsp; &nbsp; &nbsp; &nbsp; &nbsp; &nbsp; &nbsp; &nbsp; &nbsp; &nbsp; &nbsp; &nbsp; &nbsp; &nbsp; &nbsp; &nbsp; &nbsp; &nbsp; &nbsp; &nbsp; &nbsp; &nbsp; &nbsp; &nbsp; &nbsp; &nbsp;<span style=\"font-weight: 300;\">&nbsp; &nbsp; &nbsp; &nbsp; &nbsp; &nbsp; &nbsp; &nbsp;&nbsp;<\/span><\/p>\n<p><a href=\"http:\/\/www.laparolede.fr\/wp-content\/uploads\/IMG_4118.jpg\"><img loading=\"lazy\" decoding=\"async\" class=\"alignright\" title=\"IMG_4118\" src=\"http:\/\/www.laparolede.fr\/wp-content\/uploads\/IMG_4118-300x209.jpg\" alt=\"\" width=\"300\" height=\"209\"><\/a><\/p>\n<div>\n<p>&nbsp;La Cie \u00ab&nbsp;<em>La Parole de&nbsp;\u00bb,<\/em> la Maison des Passages, et le Collectif Paroles de Femmes vous propose la cr\u00e9ation collective d\u2019une pi\u00e8ce de th\u00e9\u00e2tre sur les indignations des habitants de quartiers populaires face \u00e0 des situations d\u2019humiliations et de non-respect. <em>Humiliation<\/em><em> de s\u2019\u00eatre subitement senti \u00ab&nbsp;pauvre&nbsp;\u00bb, \u00ab&nbsp;laid&nbsp;\u00bb, \u00ab&nbsp;d\u00e9bile&nbsp;\u00bb, \u00ab&nbsp;mal n\u00e9&nbsp;\u00bb, \u00ab&nbsp;de n\u2019avoir pas eu les mots&nbsp;\u00bb, \u00ab&nbsp;de n\u2019avoir pas connu les codes&nbsp;\u00bb, \u00ab&nbsp;de n\u2019avoir pas eu le courage de r\u00e9pondre&nbsp;\u00bb, et d\u2019avoir vu que \u00ab&nbsp;les autres&nbsp;\u00bb, tous les autres, voyaient cette faiblesse.<\/em><\/p>\n<p>Le partie pris de mise en sc\u00e8ne a \u00e9t\u00e9 de m\u00ealer humour, insolence et tragique&nbsp;: le Th\u00e9\u00e2tre comme un acte pour la dignit\u00e9 et le respect du genre humain.<\/p>\n<p align=\"right\"><a href=\"http:\/\/www.laparolede.fr\/wp-content\/uploads\/DSC00221.jpg\">&nbsp; &nbsp;<\/a><span style=\"font-weight: 300;\">&nbsp; &nbsp;<\/span><strong><em>Le sujet<\/em><\/strong><span style=\"font-weight: 300;\">&nbsp;: L\u2019humiliation, que nous avons tous rencontr\u00e9e \u00e0 un moment ou un autre de notre vie n\u2019est pas une \u00e9motion, c\u2019est une blessure. Elle nous interroge sur notre personnalit\u00e9 : Pourquoi ai-je subi cela sans r\u00e9agir ? Elle nous interroge \u00e9galement sur notre place dans le monde. L\u2019humiliation se pr\u00e9sente comme un r\u00e9v\u00e9lateur des paradoxes qui traversent notre soci\u00e9t\u00e9.<\/span><\/p>\n<p align=\"right\"><em><strong>&nbsp; &nbsp; La musique<\/strong>&nbsp;:&nbsp;<\/em><em style=\"font-weight: 300;\">\u00ab&nbsp;Quand tu improvises, tu es la musique que tu joues, car la musique te porte et quand tu improvises avec d\u2019autres tu joues l\u2019autre, tu deviens l\u2019autre\u2026 C\u2019est une histoire d\u2019amour. L\u2019instantan\u00e9it\u00e9 donne \u00e0 l\u2019improvisation une valeur intrins\u00e8que de v\u00e9rit\u00e9, de risque, et de ratage parfois. Quand tu improvises, tu ne peux pas tricher. Tu choisis, tu s\u00e9lectionnes parmi les possibles, il y a une telle fragilit\u00e9. L\u2019improvisation est une musique humaine, qui suppose la confiance en l\u2019autre.&nbsp;\u00bb&nbsp;<\/em><span style=\"font-weight: 300;\">Jo\u00eblle L\u00e9andre, juillet 2011.<\/span><strong><em>&nbsp;<\/em><\/strong><strong><em>&nbsp; &nbsp; &nbsp;&nbsp;<\/em><\/strong><\/p>\n<p style=\"text-align: left;\" align=\"right\"><a style=\"font-weight: 300;\" href=\"http:\/\/www.laparolede.fr\/wp-content\/uploads\/IMG_3972.jpg\"><img loading=\"lazy\" decoding=\"async\" class=\"alignright\" title=\"IMG_3972\" src=\"http:\/\/www.laparolede.fr\/wp-content\/uploads\/IMG_3972-198x300.jpg\" alt=\"\" width=\"198\" height=\"300\"><\/a><\/p>\n<p><img loading=\"lazy\" decoding=\"async\" class=\"alignleft\" title=\"tract verso Lyon 8\" src=\"http:\/\/www.laparolede.fr\/wp-content\/uploads\/tract-verso-Lyon-81-211x300.jpg\" alt=\"\" width=\"211\" height=\"300\"><\/p>\n<\/div>\n<p><strong>L&rsquo;\u00e9criture du texte :&nbsp;<\/strong>Une vingtaine d\u2019ateliers hebdomadaires gratuits ont \u00e9t\u00e9 mis en place pour une quinzaines de participants (habitants &nbsp;des 1er, 5\u00e9me, 8\u00e9me et 9\u00e8me de Lyon, de Chambon Feugerolles, Pierre B\u00e9nite, Saint Etienne et Villeurbanne.&nbsp; Apr\u00e8s entretiens, discussions et \u00e9criture des &nbsp;sc\u00e9nettes, accompagn\u00e9e par Mireille Grange du Collectif Paroles de Femmes, et Florence Meier, metteur en sc\u00e8ne de la Cie <em>La Parole de<\/em>, une vingtaine de sc\u00e9nettes ont \u00e9t\u00e9 choisi et r\u00e9p\u00e9t\u00e9 par les com\u00e9diens et musiciens de la Cie. (<em>L\u2019ensemble des sc\u00e9nettes ont fait&nbsp; l\u2019objet de l\u2019\u00e9dition d\u2019un livret distribu\u00e9 lors de chacune des repr\u00e9sentations.)<\/em><\/p>\n<p><strong>Les repr\u00e9sentations :&nbsp;<\/strong>Deux repr\u00e9sentations dans le cadre de \u00ab&nbsp;Tout\u2019l\u2019monde dehors&nbsp;\u00bb en Juillet 2013 et une repr\u00e9sentation \u00e0 la Salle Genton (Lyon 8<sup>\u00e8me<\/sup> en D\u00e9cembre 2013<\/p>\n<p><strong>Le financement :&nbsp;<\/strong>Ce projet a \u00e9t\u00e9 financ\u00e9 par la Ville de Lyon, la R\u00e9gion Rh\u00f4ne Alpes, l\u2019Etat (ACSE). C\u2019est une production de la Maison des Passages.<\/p>\n<p><a href=\"http:\/\/www.laparolede.fr\/wp-content\/uploads\/progres-have-not00071.jpg\"><img loading=\"lazy\" decoding=\"async\" class=\"alignnone size-large wp-image-1338\" title=\"progres have not0007\" src=\"http:\/\/www.laparolede.fr\/wp-content\/uploads\/progres-have-not00071-677x1024.jpg\" alt=\"\" width=\"584\" height=\"883\" srcset=\"http:\/\/www.laparolede.fr\/wp-content\/uploads\/progres-have-not00071-677x1024.jpg 677w, http:\/\/www.laparolede.fr\/wp-content\/uploads\/progres-have-not00071-198x300.jpg 198w, http:\/\/www.laparolede.fr\/wp-content\/uploads\/progres-have-not00071.jpg 878w\" sizes=\"auto, (max-width: 584px) 100vw, 584px\" \/><\/a><\/p>\n<p>&nbsp;<\/p>\n<div>&nbsp;<\/div>\n<div>&nbsp;<\/div>\n<div>&nbsp;<\/div>\n","protected":false},"excerpt":{"rendered":"<p>&nbsp; &nbsp; &nbsp; &nbsp; &nbsp; &nbsp; &nbsp; &nbsp; &nbsp; &nbsp; &nbsp;&nbsp;\u00ab&nbsp;Les Have not&nbsp;\u00bb Version Concert 2017\/2018 &nbsp; &nbsp; &nbsp; &nbsp; &nbsp; &nbsp; &nbsp; &nbsp; &nbsp; &nbsp;Concert de Th\u00e9\u00e2tre musical&#8230;Musique \/ Po\u00e9sie \/Th\u00e9\u00e2tre Cr\u00e9ation et interpr\u00e9tation musicale : Fred Meyer (Guitare &hellip; <a href=\"http:\/\/www.laparolede.fr\/?page_id=181\">Continuer la lecture <span class=\"meta-nav\">&rarr;<\/span><\/a><\/p>\n","protected":false},"author":1,"featured_media":0,"parent":18,"menu_order":1,"comment_status":"closed","ping_status":"closed","template":"","meta":{"ngg_post_thumbnail":0,"footnotes":""},"class_list":["post-181","page","type-page","status-publish","hentry"],"jetpack_sharing_enabled":true,"_links":{"self":[{"href":"http:\/\/www.laparolede.fr\/index.php?rest_route=\/wp\/v2\/pages\/181","targetHints":{"allow":["GET"]}}],"collection":[{"href":"http:\/\/www.laparolede.fr\/index.php?rest_route=\/wp\/v2\/pages"}],"about":[{"href":"http:\/\/www.laparolede.fr\/index.php?rest_route=\/wp\/v2\/types\/page"}],"author":[{"embeddable":true,"href":"http:\/\/www.laparolede.fr\/index.php?rest_route=\/wp\/v2\/users\/1"}],"replies":[{"embeddable":true,"href":"http:\/\/www.laparolede.fr\/index.php?rest_route=%2Fwp%2Fv2%2Fcomments&post=181"}],"version-history":[{"count":56,"href":"http:\/\/www.laparolede.fr\/index.php?rest_route=\/wp\/v2\/pages\/181\/revisions"}],"predecessor-version":[{"id":2085,"href":"http:\/\/www.laparolede.fr\/index.php?rest_route=\/wp\/v2\/pages\/181\/revisions\/2085"}],"up":[{"embeddable":true,"href":"http:\/\/www.laparolede.fr\/index.php?rest_route=\/wp\/v2\/pages\/18"}],"wp:attachment":[{"href":"http:\/\/www.laparolede.fr\/index.php?rest_route=%2Fwp%2Fv2%2Fmedia&parent=181"}],"curies":[{"name":"wp","href":"https:\/\/api.w.org\/{rel}","templated":true}]}}