{"id":2166,"date":"2019-07-10T11:43:21","date_gmt":"2019-07-10T10:43:21","guid":{"rendered":"http:\/\/www.laparolede.fr\/?page_id=2166"},"modified":"2025-11-24T16:23:40","modified_gmt":"2025-11-24T15:23:40","slug":"les-veillees-artistiques-sous-tente-nomade","status":"publish","type":"page","link":"http:\/\/www.laparolede.fr\/?page_id=2166","title":{"rendered":"Le Karah\u00f4quet des petits"},"content":{"rendered":"<p>&nbsp;<\/p>\n<p><iframe loading=\"lazy\" title=\"Karah\u00f4k\u00e9 Des Petits\" width=\"584\" height=\"329\" src=\"https:\/\/www.youtube.com\/embed\/gaiZSTjtz88?feature=oembed\" frameborder=\"0\" allow=\"accelerometer; autoplay; clipboard-write; encrypted-media; gyroscope; picture-in-picture; web-share\" referrerpolicy=\"strict-origin-when-cross-origin\" allowfullscreen><\/iframe><\/p>\n<p style=\"text-align: left;\"><a href=\"http:\/\/www.laparolede.fr\/wp-content\/uploads\/karaoke\u0301-ecully-19-07-bleu.jpg\"><img loading=\"lazy\" decoding=\"async\" class=\"wp-image-2549 alignright\" src=\"http:\/\/www.laparolede.fr\/wp-content\/uploads\/karaoke\u0301-ecully-19-07-bleu.jpg\" alt=\"\" width=\"419\" height=\"276\"><\/a><\/p>\n<p>&nbsp;<\/p>\n<p style=\"text-align: left;\">La Cie vous propose de partager les comptines du monde dans leur langue d&rsquo;origine accompagn\u00e9es par deux musiciens lors de notre spectacle participatif :&nbsp; &nbsp; &nbsp; &nbsp; &nbsp; &nbsp; &nbsp; &nbsp; &nbsp; &nbsp; &nbsp; &nbsp; &nbsp; &nbsp; &nbsp; &nbsp; &nbsp; &nbsp; &nbsp; &nbsp; &nbsp; &nbsp; &nbsp; &nbsp; &nbsp; &nbsp; &nbsp; &nbsp; &nbsp; &nbsp; &nbsp; &nbsp; &nbsp; &nbsp; &nbsp; &nbsp; &nbsp; &nbsp; &nbsp; &nbsp; &nbsp;Le <strong>Karah\u00f4quet des petits<\/strong>.&nbsp;<\/p>\n<p style=\"text-align: left;\">Spectacle participatif et \u00e9volutif en fonction des rencontres r\u00e9alis\u00e9es avec les habitants de diff\u00e9rents quartiers de la m\u00e9tropole de LYON.&nbsp;<\/p>\n<p>Pour t\u00e9l\u00e9charger le dossier KARAHOQUET DES PETITS&nbsp; &nbsp; &nbsp; &nbsp; &nbsp; &nbsp; &nbsp; &nbsp; &nbsp; &nbsp; &nbsp; &nbsp; &nbsp; &nbsp; &nbsp; &nbsp; &nbsp; &nbsp; &nbsp; &nbsp; &nbsp; &nbsp; &nbsp; &nbsp; &nbsp; &nbsp;cliquez sur : <a href=\"http:\/\/www.laparolede.fr\/wp-content\/uploads\/DP-KarahOquet-des-petits-2024_2025-web.pdf\">DP KarahO\u0302quet des petits 2024_2025 web<\/a><\/p>\n<p style=\"text-align: left;\"><a href=\"http:\/\/www.laparolede.fr\/wp-content\/uploads\/20230719_104031-scaled.jpg\"><img loading=\"lazy\" decoding=\"async\" class=\"alignnone wp-image-2561\" src=\"http:\/\/www.laparolede.fr\/wp-content\/uploads\/20230719_104031-768x1024.jpg\" alt=\"\" width=\"178\" height=\"234\"><\/a><a href=\"http:\/\/www.laparolede.fr\/wp-content\/uploads\/IMG-20230720-WA0008.jpg\"><img loading=\"lazy\" decoding=\"async\" class=\"alignnone wp-image-2563\" src=\"http:\/\/www.laparolede.fr\/wp-content\/uploads\/IMG-20230720-WA0008.jpg\" alt=\"\" width=\"149\" height=\"198\" srcset=\"http:\/\/www.laparolede.fr\/wp-content\/uploads\/IMG-20230720-WA0008.jpg 768w, http:\/\/www.laparolede.fr\/wp-content\/uploads\/IMG-20230720-WA0008-225x300.jpg 225w\" sizes=\"auto, (max-width: 149px) 100vw, 149px\" \/><\/a><a href=\"http:\/\/www.laparolede.fr\/wp-content\/uploads\/20230719_104043-scaled.jpg\"><img loading=\"lazy\" decoding=\"async\" class=\"alignnone wp-image-2560\" src=\"http:\/\/www.laparolede.fr\/wp-content\/uploads\/20230719_104043-768x1024.jpg\" alt=\"\" width=\"181\" height=\"239\"><\/a><\/p>\n<p><img loading=\"lazy\" decoding=\"async\" class=\"alignright\" src=\"http:\/\/www.laparolede.fr\/wp-content\/uploads\/karahoquet-ecully.-jpg-300x225.jpg\" width=\"236\" height=\"179\"><a href=\"http:\/\/www.laparolede.fr\/wp-content\/uploads\/media-leonard-de-vinci-.jpg\"><img loading=\"lazy\" decoding=\"async\" class=\"alignnone wp-image-2594\" src=\"http:\/\/www.laparolede.fr\/wp-content\/uploads\/media-leonard-de-vinci--300x225.jpg\" alt=\"\" width=\"203\" height=\"155\"><\/a><a href=\"http:\/\/www.laparolede.fr\/wp-content\/uploads\/20230712_163633-1-scaled.jpg\"><img loading=\"lazy\" decoding=\"async\" class=\"alignnone wp-image-2598\" src=\"http:\/\/www.laparolede.fr\/wp-content\/uploads\/20230712_163633-1-225x300.jpg\" alt=\"\" width=\"162\" height=\"212\"><\/a><a href=\"http:\/\/www.laparolede.fr\/wp-content\/uploads\/IMG-20240522-WA0001.jpeg\"><img loading=\"lazy\" decoding=\"async\" class=\"wp-image-2596 alignright\" src=\"http:\/\/www.laparolede.fr\/wp-content\/uploads\/IMG-20240522-WA0001-300x225.jpeg\" alt=\"\" width=\"191\" height=\"146\"><\/a><\/p>\n<p>Parents et enfants nous accompagnent lors d&rsquo;un voyage musical de 45 minutes. On chante, on danse, on joue avec ses mains. Dehors, dedans on s&rsquo;adapte aux lieux.&nbsp; &nbsp; &nbsp; &nbsp; &nbsp; &nbsp; &nbsp; &nbsp; &nbsp; &nbsp; &nbsp; &nbsp; &nbsp; &nbsp; &nbsp; Le Karah\u00f4quet des petits est un spectacle pour d\u00e9couvrir et partager avec nos petits les langues et les chants du monde. Nous vous proposons de chanter avec nous des comptines de diff\u00e9rents pays du monde, faciles \u00e0 apprendre. Berceuses, comptines \u00e0 gestes pour jouer et rigoler, chants d\u2019amour, voyage \u00e0 travers les continents et les cultures.<\/p>\n<p><a href=\"http:\/\/www.laparolede.fr\/wp-content\/uploads\/conte-prainet--scaled.jpg\"><img loading=\"lazy\" decoding=\"async\" class=\"size-medium wp-image-2592 aligncenter\" src=\"http:\/\/www.laparolede.fr\/wp-content\/uploads\/conte-prainet--300x168.jpg\" alt=\"\" width=\"300\" height=\"168\" srcset=\"http:\/\/www.laparolede.fr\/wp-content\/uploads\/conte-prainet--300x168.jpg 300w, http:\/\/www.laparolede.fr\/wp-content\/uploads\/conte-prainet--1024x573.jpg 1024w, http:\/\/www.laparolede.fr\/wp-content\/uploads\/conte-prainet--768x429.jpg 768w, http:\/\/www.laparolede.fr\/wp-content\/uploads\/conte-prainet--1536x859.jpg 1536w, http:\/\/www.laparolede.fr\/wp-content\/uploads\/conte-prainet--2048x1145.jpg 2048w, http:\/\/www.laparolede.fr\/wp-content\/uploads\/conte-prainet--500x280.jpg 500w\" sizes=\"auto, (max-width: 300px) 100vw, 300px\" \/><\/a><\/p>\n<p>Nos repr\u00e9sentations&nbsp; &nbsp; &nbsp; &nbsp; &nbsp; &nbsp; &nbsp; &nbsp; &nbsp; &nbsp; &nbsp; &nbsp; &nbsp; &nbsp; &nbsp; &nbsp; &nbsp; &nbsp; &nbsp; &nbsp; &nbsp; &nbsp; &nbsp; &nbsp; &nbsp; &nbsp; &nbsp; &nbsp; &nbsp; &nbsp; &nbsp; &nbsp; &nbsp; &nbsp; &nbsp; &nbsp; &nbsp; &nbsp; &nbsp; &nbsp; &nbsp; &nbsp; &nbsp; &nbsp; &nbsp; &nbsp; &nbsp; &nbsp; &nbsp; &nbsp; &nbsp; &nbsp; &nbsp; &nbsp; &nbsp; En 2022 :&nbsp; &nbsp; &nbsp; &nbsp; &nbsp; &nbsp; &nbsp; &nbsp; &nbsp; &nbsp; &nbsp; &nbsp; &nbsp; &nbsp; &nbsp; &nbsp; &nbsp; &nbsp; &nbsp; &nbsp; &nbsp; &nbsp; &nbsp; &nbsp; &nbsp; &nbsp; &nbsp; &nbsp; &nbsp; &nbsp; &nbsp; &nbsp; &nbsp; &nbsp; &nbsp; &nbsp; &nbsp; &nbsp; &nbsp; &nbsp; &nbsp; &nbsp; &nbsp; &nbsp; &nbsp; &nbsp; &nbsp; &nbsp; &nbsp; &nbsp; &nbsp; &nbsp; &nbsp; &nbsp; &nbsp; &nbsp; &nbsp; &nbsp; &nbsp; &nbsp; &nbsp; &nbsp; A Caluire et Cuire : le 28 juin Cr\u00e8che Les Galipettes&nbsp; \/ 30 juin Cr\u00e8che Grenadine&nbsp; \/ 9 juillet Maison de quartier saint clair.&nbsp; &nbsp; &nbsp; &nbsp; &nbsp; &nbsp; &nbsp; &nbsp; &nbsp; &nbsp; &nbsp; &nbsp; &nbsp; &nbsp; &nbsp; &nbsp; &nbsp; &nbsp; &nbsp; &nbsp; &nbsp; &nbsp; &nbsp; &nbsp; &nbsp; &nbsp; &nbsp; &nbsp; &nbsp; &nbsp; &nbsp; &nbsp; &nbsp; &nbsp; &nbsp; &nbsp; &nbsp; &nbsp; &nbsp; &nbsp; &nbsp; &nbsp; &nbsp; &nbsp; &nbsp; &nbsp; &nbsp; &nbsp; A Feyzin : le 19 ao\u00fbt 2022 M\u00e9diath\u00e8que de Feyzin&nbsp; &nbsp; &nbsp; &nbsp; &nbsp; &nbsp; &nbsp; &nbsp; &nbsp; &nbsp; &nbsp; &nbsp; &nbsp; &nbsp; &nbsp; &nbsp; &nbsp; &nbsp; &nbsp; &nbsp; &nbsp; &nbsp; &nbsp; &nbsp; &nbsp; &nbsp; &nbsp; &nbsp; &nbsp; &nbsp; &nbsp; &nbsp;A villeurbanne le 6 juillet 2022 au Relais Pikler&nbsp; &nbsp; &nbsp; &nbsp; &nbsp; &nbsp; &nbsp; &nbsp; &nbsp; &nbsp; &nbsp; &nbsp; &nbsp; &nbsp; &nbsp; &nbsp; &nbsp; &nbsp; &nbsp; &nbsp; &nbsp; &nbsp; &nbsp; &nbsp; &nbsp; &nbsp; &nbsp; &nbsp; &nbsp; &nbsp; &nbsp; &nbsp; &nbsp; &nbsp; &nbsp; &nbsp;A Lyon 1 le 16 d\u00e9cembre \u00e0 la cr\u00e8che les petits Thou&nbsp;<\/p>\n<p>En 2023 :&nbsp; &nbsp; &nbsp; &nbsp; &nbsp; &nbsp; &nbsp; &nbsp; &nbsp; &nbsp; &nbsp; &nbsp; &nbsp; &nbsp; &nbsp; &nbsp; &nbsp; &nbsp; &nbsp; &nbsp; &nbsp; &nbsp; &nbsp; &nbsp; &nbsp; &nbsp; &nbsp; &nbsp; &nbsp; &nbsp; &nbsp; &nbsp; &nbsp; &nbsp; &nbsp; &nbsp; &nbsp; &nbsp; &nbsp; &nbsp; &nbsp; &nbsp; &nbsp; &nbsp; &nbsp; &nbsp; &nbsp; &nbsp; &nbsp; &nbsp; &nbsp; &nbsp; &nbsp; &nbsp; &nbsp; &nbsp; &nbsp; &nbsp; &nbsp; &nbsp; &nbsp; &nbsp; &nbsp; A Lyon 8 quartier Etats-Unis <em>plein air : <\/em>3 repr\u00e9sentations en ao\u00fbt et septembre 2023.&nbsp; &nbsp; &nbsp; &nbsp; &nbsp; &nbsp; A Givors, Ecully et lors des escales de St Fons en juillet.&nbsp; &nbsp; &nbsp; &nbsp; &nbsp; &nbsp; &nbsp; &nbsp; &nbsp; &nbsp; &nbsp; &nbsp; &nbsp; &nbsp; &nbsp; &nbsp; &nbsp; &nbsp; &nbsp; &nbsp; &nbsp; &nbsp; &nbsp; &nbsp; &nbsp; &nbsp; &nbsp; &nbsp; En d\u00e9cembre \u00e0 h\u00f4pital de Villefranche-sur-so\u00e2ne.<\/p>\n<p>En 2024 :&nbsp; &nbsp; &nbsp; &nbsp; &nbsp; &nbsp; &nbsp; &nbsp; &nbsp; &nbsp; &nbsp; &nbsp; &nbsp; &nbsp; &nbsp; &nbsp; &nbsp; &nbsp; &nbsp; &nbsp; &nbsp; &nbsp; &nbsp; &nbsp; &nbsp; &nbsp; &nbsp; &nbsp; &nbsp; &nbsp; &nbsp; &nbsp; &nbsp; &nbsp; &nbsp; &nbsp; &nbsp; &nbsp; &nbsp; &nbsp; &nbsp; &nbsp; &nbsp; &nbsp; &nbsp; &nbsp; &nbsp; &nbsp; &nbsp; &nbsp; &nbsp; &nbsp; &nbsp; &nbsp; &nbsp; &nbsp; &nbsp; &nbsp; &nbsp; &nbsp; &nbsp; Quartier Etats-unis lyon 8&nbsp; en Mai.&nbsp; &nbsp; &nbsp; &nbsp; &nbsp; &nbsp; &nbsp; &nbsp; &nbsp; &nbsp; &nbsp; &nbsp; &nbsp; &nbsp; &nbsp; &nbsp; &nbsp; &nbsp; &nbsp; &nbsp; &nbsp; &nbsp; &nbsp; &nbsp; &nbsp; &nbsp; &nbsp; &nbsp; &nbsp; &nbsp; &nbsp; &nbsp; &nbsp; &nbsp; &nbsp; &nbsp; &nbsp; &nbsp; M\u00e9diath\u00e8que L de Vinci Vaulx-en-Velin en juillet&nbsp;<\/p>\n<p>En 2025 :&nbsp; &nbsp; &nbsp; &nbsp; &nbsp; &nbsp; &nbsp; &nbsp; &nbsp; &nbsp; &nbsp; &nbsp; &nbsp; &nbsp; &nbsp; &nbsp; &nbsp; &nbsp; &nbsp; &nbsp; &nbsp; &nbsp; &nbsp; &nbsp; &nbsp; &nbsp; &nbsp; &nbsp; &nbsp; &nbsp; &nbsp; &nbsp; &nbsp; &nbsp; &nbsp; &nbsp; &nbsp; &nbsp; &nbsp; &nbsp; &nbsp; &nbsp; &nbsp; &nbsp; &nbsp; &nbsp; &nbsp; &nbsp; &nbsp; &nbsp; &nbsp; &nbsp; &nbsp; &nbsp; &nbsp; &nbsp; &nbsp; &nbsp; &nbsp; &nbsp; &nbsp; &nbsp; A D\u00e9cines en Juillet et \u00e0 Ecully les sources en septembre 2025 pour leur f\u00eate de quartier.&nbsp; &nbsp; &nbsp; &nbsp; A Meyzieu en septembre pour leur City tour et \u00e0 la biblioth\u00e8que Chassine de Vaulx-en-velin en octobre.&nbsp;&nbsp;<\/p>\n<p>Des <strong>ateliers comptines du monde<\/strong> sont propos\u00e9s dans les cr\u00e8ches, les \u00e9coles maternelles ou les centres sociaux; ouverts aux personnels et enseignants ainsi qu&rsquo;aux parents. <a href=\"http:\/\/www.laparolede.fr\/wp-content\/uploads\/9-JUILLET-4.jpg\"><img loading=\"lazy\" decoding=\"async\" class=\"wp-image-2357 aligncenter\" src=\"http:\/\/www.laparolede.fr\/wp-content\/uploads\/9-JUILLET-4.jpg\" alt=\"\" width=\"278\" height=\"163\"><\/a><\/p>\n<p>Ecoutez l&rsquo;extrait des ateliers comptines multilingues avec la Cr\u00e8che parentale Arc en ciel \/V\u00e9nissieux \/2019 :&nbsp;<\/p>\n<audio class=\"wp-audio-shortcode\" id=\"audio-2166-1\" preload=\"none\" style=\"width: 100%;\" controls=\"controls\"><source type=\"audio\/mpeg\" src=\"http:\/\/www.laparolede.fr\/wp-content\/uploads\/comptines-top-.mp3?_=1\" \/><a href=\"http:\/\/www.laparolede.fr\/wp-content\/uploads\/comptines-top-.mp3\">http:\/\/www.laparolede.fr\/wp-content\/uploads\/comptines-top-.mp3<\/a><\/audio>\n<p>&nbsp;<\/p>\n","protected":false},"excerpt":{"rendered":"<p>&nbsp; &nbsp; La Cie vous propose de partager les comptines du monde dans leur langue d&rsquo;origine accompagn\u00e9es par deux musiciens lors de notre spectacle participatif :&nbsp; &nbsp; &nbsp; &nbsp; &nbsp; &nbsp; &nbsp; &nbsp; &nbsp; &nbsp; &nbsp; &nbsp; &nbsp; &nbsp; &nbsp; &hellip; <a href=\"http:\/\/www.laparolede.fr\/?page_id=2166\">Continuer la lecture <span class=\"meta-nav\">&rarr;<\/span><\/a><\/p>\n","protected":false},"author":1,"featured_media":0,"parent":0,"menu_order":0,"comment_status":"closed","ping_status":"closed","template":"","meta":{"ngg_post_thumbnail":0,"footnotes":""},"class_list":["post-2166","page","type-page","status-publish","hentry"],"jetpack_sharing_enabled":true,"_links":{"self":[{"href":"http:\/\/www.laparolede.fr\/index.php?rest_route=\/wp\/v2\/pages\/2166","targetHints":{"allow":["GET"]}}],"collection":[{"href":"http:\/\/www.laparolede.fr\/index.php?rest_route=\/wp\/v2\/pages"}],"about":[{"href":"http:\/\/www.laparolede.fr\/index.php?rest_route=\/wp\/v2\/types\/page"}],"author":[{"embeddable":true,"href":"http:\/\/www.laparolede.fr\/index.php?rest_route=\/wp\/v2\/users\/1"}],"replies":[{"embeddable":true,"href":"http:\/\/www.laparolede.fr\/index.php?rest_route=%2Fwp%2Fv2%2Fcomments&post=2166"}],"version-history":[{"count":31,"href":"http:\/\/www.laparolede.fr\/index.php?rest_route=\/wp\/v2\/pages\/2166\/revisions"}],"predecessor-version":[{"id":2601,"href":"http:\/\/www.laparolede.fr\/index.php?rest_route=\/wp\/v2\/pages\/2166\/revisions\/2601"}],"wp:attachment":[{"href":"http:\/\/www.laparolede.fr\/index.php?rest_route=%2Fwp%2Fv2%2Fmedia&parent=2166"}],"curies":[{"name":"wp","href":"https:\/\/api.w.org\/{rel}","templated":true}]}}