{"id":2253,"date":"2022-01-28T16:02:07","date_gmt":"2022-01-28T15:02:07","guid":{"rendered":"http:\/\/www.laparolede.fr\/?page_id=2253"},"modified":"2025-09-23T10:14:19","modified_gmt":"2025-09-23T09:14:19","slug":"karaoke-poetique","status":"publish","type":"page","link":"http:\/\/www.laparolede.fr\/?page_id=2253","title":{"rendered":"Karaok\u00e9 po\u00e9tique"},"content":{"rendered":"<p><strong><a href=\"http:\/\/www.laparolede.fr\/wp-content\/uploads\/karaoke\u0301-poe\u0301tique-annuel-28.07-instagram.png\"><img loading=\"lazy\" decoding=\"async\" class=\"wp-image-2543 aligncenter\" src=\"http:\/\/www.laparolede.fr\/wp-content\/uploads\/karaoke\u0301-poe\u0301tique-annuel-28.07-instagram-1024x1024.png\" alt=\"\" width=\"307\" height=\"307\" srcset=\"http:\/\/www.laparolede.fr\/wp-content\/uploads\/karaoke\u0301-poe\u0301tique-annuel-28.07-instagram-1024x1024.png 1024w, http:\/\/www.laparolede.fr\/wp-content\/uploads\/karaoke\u0301-poe\u0301tique-annuel-28.07-instagram-300x300.png 300w, http:\/\/www.laparolede.fr\/wp-content\/uploads\/karaoke\u0301-poe\u0301tique-annuel-28.07-instagram-150x150.png 150w, http:\/\/www.laparolede.fr\/wp-content\/uploads\/karaoke\u0301-poe\u0301tique-annuel-28.07-instagram-768x768.png 768w, http:\/\/www.laparolede.fr\/wp-content\/uploads\/karaoke\u0301-poe\u0301tique-annuel-28.07-instagram-1536x1536.png 1536w, http:\/\/www.laparolede.fr\/wp-content\/uploads\/karaoke\u0301-poe\u0301tique-annuel-28.07-instagram-2048x2048.png 2048w\" sizes=\"auto, (max-width: 307px) 100vw, 307px\" \/><\/a> Vous souhaitez organiser une soir\u00e9e ou une apr\u00e8s midi po\u00e9tique et musicale, participative ? <\/strong><strong>D\u00e9couvrez le \u00ab\u00a0karaok\u00e9 po\u00e9tique\u00a0\u00bb notre spectacle participatif, interg\u00e9n\u00e9rationnel et multilingues.&nbsp; &nbsp; &nbsp; &nbsp; &nbsp; &nbsp; &nbsp; &nbsp; &nbsp; &nbsp; &nbsp; &nbsp; &nbsp; &nbsp; &nbsp; &nbsp; &nbsp; &nbsp; &nbsp; &nbsp; &nbsp; &nbsp; &nbsp; &nbsp; &nbsp; &nbsp; &nbsp; &nbsp; &nbsp; &nbsp; &nbsp; &nbsp; &nbsp; &nbsp; &nbsp; &nbsp; &nbsp; &nbsp; &nbsp; <\/strong><strong>T\u00e9l\u00e9charger le dossier<\/strong> : <a href=\"http:\/\/www.laparolede.fr\/wp-content\/uploads\/Karaoke-Poetique-corpus.pdf\">Karaok\u00e9 Po\u00e9tique &#8211; corpus<\/a><\/p>\n<p><strong>Florence Meier <\/strong><em>Lectures&nbsp;<\/em>&nbsp; &nbsp; &nbsp; &nbsp; &nbsp; &nbsp; &nbsp; &nbsp; &nbsp; &nbsp; &nbsp; &nbsp; &nbsp; &nbsp; &nbsp; &nbsp; &nbsp; &nbsp; &nbsp; &nbsp; &nbsp; &nbsp; &nbsp; &nbsp; &nbsp; &nbsp; &nbsp; &nbsp; &nbsp; &nbsp; &nbsp; &nbsp; &nbsp; &nbsp; &nbsp; &nbsp; &nbsp; &nbsp; &nbsp; &nbsp; &nbsp; &nbsp; &nbsp; &nbsp; &nbsp; &nbsp; &nbsp; <strong>Karine Dufaut<\/strong> <em>Langue des Signes<\/em> <strong>&nbsp; &nbsp; &nbsp; &nbsp; &nbsp; &nbsp; &nbsp; &nbsp; &nbsp; &nbsp; &nbsp; &nbsp; &nbsp; &nbsp; &nbsp; &nbsp; &nbsp; &nbsp; &nbsp; &nbsp; &nbsp; &nbsp; &nbsp; &nbsp; &nbsp; &nbsp; &nbsp; &nbsp; &nbsp; &nbsp; &nbsp; &nbsp; &nbsp; &nbsp; &nbsp; &nbsp; &nbsp; &nbsp; &nbsp; &nbsp; &nbsp; &nbsp; Fred Meyer <\/strong><em>Guitare<\/em> et<strong> Mag Mooken <\/strong><em>Percussions<\/em>&nbsp;<strong>&nbsp; &nbsp;<\/strong><\/p>\n<p><a href=\"http:\/\/www.laparolede.fr\/wp-content\/uploads\/116910431_1641162456040638_2246713090566867527_n-1.jpg\"><img loading=\"lazy\" decoding=\"async\" class=\"wp-image-2287 alignleft\" src=\"http:\/\/www.laparolede.fr\/wp-content\/uploads\/116910431_1641162456040638_2246713090566867527_n-1.jpg\" alt=\"\" width=\"216\" height=\"147\"><\/a><a href=\"http:\/\/www.laparolede.fr\/wp-content\/uploads\/29-scaled.jpg\"><img loading=\"lazy\" decoding=\"async\" class=\"wp-image-2503 alignright\" src=\"http:\/\/www.laparolede.fr\/wp-content\/uploads\/29-1024x576.jpg\" alt=\"\" width=\"240\" height=\"139\"><\/a><a href=\"http:\/\/www.laparolede.fr\/wp-content\/uploads\/Lect-florence-dossier.jpg\"><img loading=\"lazy\" decoding=\"async\" class=\"wp-image-2105 alignright\" src=\"http:\/\/www.laparolede.fr\/wp-content\/uploads\/Lect-florence-dossier-759x1024.jpg\" alt=\"\" width=\"135\" height=\"179\"><\/a><a href=\"http:\/\/www.laparolede.fr\/wp-content\/uploads\/3-1-scaled.jpg\"><img loading=\"lazy\" decoding=\"async\" class=\"alignnone wp-image-2493\" src=\"http:\/\/www.laparolede.fr\/wp-content\/uploads\/3-1-1024x576.jpg\" alt=\"\" width=\"178\" height=\"104\"><\/a><a href=\"http:\/\/www.laparolede.fr\/wp-content\/uploads\/116910431_1641162456040638_2246713090566867527_n-1.jpg\"><img loading=\"lazy\" decoding=\"async\" class=\"wp-image-2106 alignleft\" src=\"http:\/\/www.laparolede.fr\/wp-content\/uploads\/lect-13.jpeg\" alt=\"\" width=\"162\" height=\"152\" srcset=\"http:\/\/www.laparolede.fr\/wp-content\/uploads\/lect-13.jpeg 643w, http:\/\/www.laparolede.fr\/wp-content\/uploads\/lect-13-300x281.jpeg 300w, http:\/\/www.laparolede.fr\/wp-content\/uploads\/lect-13-320x300.jpeg 320w\" sizes=\"auto, (max-width: 162px) 100vw, 162px\" \/><\/a><a href=\"http:\/\/www.laparolede.fr\/wp-content\/uploads\/KARINE-BIS.jpg\"><img loading=\"lazy\" decoding=\"async\" class=\"wp-image-2387 alignright\" src=\"http:\/\/www.laparolede.fr\/wp-content\/uploads\/KARINE-BIS.jpg\" alt=\"\" width=\"123\" height=\"224\"><\/a><a href=\"http:\/\/www.laparolede.fr\/wp-content\/uploads\/15-scaled.jpg\"><img loading=\"lazy\" decoding=\"async\" class=\"wp-image-2497 alignleft\" src=\"http:\/\/www.laparolede.fr\/wp-content\/uploads\/15-1024x576.jpg\" alt=\"\" width=\"180\" height=\"107\"><\/a><br \/>\n<a href=\"http:\/\/www.laparolede.fr\/wp-content\/uploads\/2-scaled.jpg\"><img loading=\"lazy\" decoding=\"async\" class=\"wp-image-2491 alignleft\" src=\"http:\/\/www.laparolede.fr\/wp-content\/uploads\/2-1024x576.jpg\" alt=\"\" width=\"225\" height=\"130\"><\/a><\/p>\n<p>&nbsp;<\/p>\n<p>&nbsp;<\/p>\n<p>&nbsp;<\/p>\n<p><strong>&nbsp;<\/strong><\/p>\n<p><strong><a href=\"http:\/\/www.laparolede.fr\/wp-content\/uploads\/1-1-scaled.jpg\"><img loading=\"lazy\" decoding=\"async\" class=\"wp-image-2523 alignright\" src=\"http:\/\/www.laparolede.fr\/wp-content\/uploads\/1-1-1024x576.jpg\" alt=\"\" width=\"165\" height=\"97\"><\/a> &nbsp; &nbsp; <a href=\"http:\/\/www.laparolede.fr\/wp-content\/uploads\/DSCN0710-scaled.jpg\"><img loading=\"lazy\" decoding=\"async\" class=\"wp-image-2407 alignright\" src=\"http:\/\/www.laparolede.fr\/wp-content\/uploads\/DSCN0710-1024x768.jpg\" alt=\"\" width=\"169\" height=\"128\" srcset=\"http:\/\/www.laparolede.fr\/wp-content\/uploads\/DSCN0710-1024x768.jpg 1024w, http:\/\/www.laparolede.fr\/wp-content\/uploads\/DSCN0710-300x225.jpg 300w, http:\/\/www.laparolede.fr\/wp-content\/uploads\/DSCN0710-768x576.jpg 768w, http:\/\/www.laparolede.fr\/wp-content\/uploads\/DSCN0710-1536x1152.jpg 1536w, http:\/\/www.laparolede.fr\/wp-content\/uploads\/DSCN0710-2048x1536.jpg 2048w, http:\/\/www.laparolede.fr\/wp-content\/uploads\/DSCN0710-400x300.jpg 400w\" sizes=\"auto, (max-width: 169px) 100vw, 169px\" \/><\/a>&nbsp; &nbsp; &nbsp; &nbsp; &nbsp; &nbsp; &nbsp; &nbsp; &nbsp; &nbsp; &nbsp; &nbsp; &nbsp; &nbsp; &nbsp; &nbsp; &nbsp; &nbsp;<\/strong><a href=\"http:\/\/www.laparolede.fr\/wp-content\/uploads\/lectures33.jpg\"><br \/>\n<\/a><img loading=\"lazy\" decoding=\"async\" class=\"wp-image-2149 alignleft\" src=\"http:\/\/www.laparolede.fr\/wp-content\/uploads\/IMG_0072-1-1024x485.jpg\" alt=\"\" width=\"212\" height=\"106\"><\/p>\n<p>&nbsp;<\/p>\n<p>&nbsp;<\/p>\n<p>&nbsp;<\/p>\n<p><strong>Ecoutez<\/strong> :&nbsp;<\/p>\n<audio class=\"wp-audio-shortcode\" id=\"audio-2253-1\" preload=\"none\" style=\"width: 100%;\" controls=\"controls\"><source type=\"audio\/mpeg\" src=\"http:\/\/www.laparolede.fr\/wp-content\/uploads\/karaok\u00e9-site-der.mp3?_=1\" \/><a href=\"http:\/\/www.laparolede.fr\/wp-content\/uploads\/karaok\u00e9-site-der.mp3\">http:\/\/www.laparolede.fr\/wp-content\/uploads\/karaok\u00e9-site-der.mp3<\/a><\/audio>\n<p>&nbsp;<\/p>\n<p><iframe loading=\"lazy\" title=\"Karaok\u00e9 Po\u00e9tique Feyzin Juillet 2022\" width=\"584\" height=\"329\" src=\"https:\/\/www.youtube.com\/embed\/mFOmKpqQAzQ?feature=oembed\" frameborder=\"0\" allow=\"accelerometer; autoplay; clipboard-write; encrypted-media; gyroscope; picture-in-picture; web-share\" referrerpolicy=\"strict-origin-when-cross-origin\" allowfullscreen><\/iframe><\/p>\n<p><iframe loading=\"lazy\" title=\"Le karaok\u00e9 po\u00e9tique clip\" width=\"584\" height=\"329\" src=\"https:\/\/www.youtube.com\/embed\/3mOpArk6Yic?feature=oembed\" frameborder=\"0\" allow=\"accelerometer; autoplay; clipboard-write; encrypted-media; gyroscope; picture-in-picture; web-share\" referrerpolicy=\"strict-origin-when-cross-origin\" allowfullscreen><\/iframe><\/p>\n<p>Nous proposons des ateliers de po\u00e9sies multilingues dans les cours de fran\u00e7ais (FLE), dans les centres d&rsquo;h\u00e9bergement (Forum Refugi\u00e9)&nbsp;&nbsp;<\/p>\n<p><a href=\"http:\/\/www.laparolede.fr\/wp-content\/uploads\/lectures33.jpg\"><img loading=\"lazy\" decoding=\"async\" class=\"wp-image-1903 aligncenter\" src=\"http:\/\/www.laparolede.fr\/wp-content\/uploads\/lectures33-1024x461.jpg\" alt=\"\" width=\"360\" height=\"167\">Ecoutez :&nbsp;<\/a><\/p>\n<audio class=\"wp-audio-shortcode\" id=\"audio-2253-2\" preload=\"none\" style=\"width: 100%;\" controls=\"controls\"><source type=\"audio\/mpeg\" src=\"http:\/\/www.laparolede.fr\/wp-content\/uploads\/FLE-santy-2019.mp3?_=2\" \/><a href=\"http:\/\/www.laparolede.fr\/wp-content\/uploads\/FLE-santy-2019.mp3\">http:\/\/www.laparolede.fr\/wp-content\/uploads\/FLE-santy-2019.mp3<\/a><\/audio>\n<p>&nbsp;<\/p>\n<p><strong>Le karaok\u00e9 s&rsquo;adapte \u00e0 tous les \u00e2ges <\/strong><a href=\"http:\/\/www.laparolede.fr\/wp-content\/uploads\/9-JUILLET-4.jpg\">&nbsp;<\/a><\/p>\n<p><strong>le Karaok\u00e9 s\u00e9niors:&nbsp;&nbsp;<\/strong><\/p>\n<p>&nbsp;<\/p>\n<p><em><a href=\"http:\/\/www.laparolede.fr\/wp-content\/uploads\/IMG_0818.jpg\"><img loading=\"lazy\" decoding=\"async\" class=\"alignnone wp-image-845\" src=\"http:\/\/www.laparolede.fr\/wp-content\/uploads\/IMG_0818.jpg\" alt=\"\" width=\"175\" height=\"129\"><\/a><a href=\"http:\/\/www.laparolede.fr\/wp-content\/uploads\/DSCN1293.jpg\"><img loading=\"lazy\" decoding=\"async\" class=\"alignnone wp-image-1434\" src=\"http:\/\/www.laparolede.fr\/wp-content\/uploads\/DSCN1293.jpg\" alt=\"\" width=\"170\" height=\"130\"><\/a><a href=\"http:\/\/www.laparolede.fr\/wp-content\/uploads\/IMG_3298.jpg\"><img loading=\"lazy\" decoding=\"async\" class=\"wp-image-1166 alignright\" src=\"http:\/\/www.laparolede.fr\/wp-content\/uploads\/IMG_3298-768x1024.jpg\" alt=\"\" width=\"101\" height=\"133\"><\/a><\/em><\/p>\n<p><strong>Ecoutez :<\/strong>&nbsp;<\/p>\n<audio class=\"wp-audio-shortcode\" id=\"audio-2253-3\" preload=\"none\" style=\"width: 100%;\" controls=\"controls\"><source type=\"audio\/mpeg\" src=\"http:\/\/www.laparolede.fr\/wp-content\/uploads\/Residence-bis-2019.mp3?_=3\" \/><a href=\"http:\/\/www.laparolede.fr\/wp-content\/uploads\/Residence-bis-2019.mp3\">http:\/\/www.laparolede.fr\/wp-content\/uploads\/Residence-bis-2019.mp3<\/a><\/audio>\n<p><em>Extrait : R\u00e9sidence M. Caille Quartier Langlet santy Lyon 8 \/2019<\/em><\/p>\n<p>les dates de repr\u00e9sentations :&nbsp;<\/p>\n<p>7 juillet 2022 \u00e0 Feyzin <em>Plein air<\/em> \/ 28 juillet 2023 biblioth\u00e8que de Saint-Fons \/ juin 2024 au pied de la tonnelle Lyon 8 \/ juin 2025 Librairie La Tani\u00e8re<\/p>\n<p>&nbsp;<\/p>\n","protected":false},"excerpt":{"rendered":"<p>Vous souhaitez organiser une soir\u00e9e ou une apr\u00e8s midi po\u00e9tique et musicale, participative ? D\u00e9couvrez le \u00ab\u00a0karaok\u00e9 po\u00e9tique\u00a0\u00bb notre spectacle participatif, interg\u00e9n\u00e9rationnel et multilingues.&nbsp; &nbsp; &nbsp; &nbsp; &nbsp; &nbsp; &nbsp; &nbsp; &nbsp; &nbsp; &nbsp; &nbsp; &nbsp; &nbsp; &nbsp; &nbsp; &nbsp; &hellip; <a href=\"http:\/\/www.laparolede.fr\/?page_id=2253\">Continuer la lecture <span class=\"meta-nav\">&rarr;<\/span><\/a><\/p>\n","protected":false},"author":1,"featured_media":0,"parent":0,"menu_order":0,"comment_status":"closed","ping_status":"closed","template":"","meta":{"ngg_post_thumbnail":0,"footnotes":""},"class_list":["post-2253","page","type-page","status-publish","hentry"],"jetpack_sharing_enabled":true,"_links":{"self":[{"href":"http:\/\/www.laparolede.fr\/index.php?rest_route=\/wp\/v2\/pages\/2253","targetHints":{"allow":["GET"]}}],"collection":[{"href":"http:\/\/www.laparolede.fr\/index.php?rest_route=\/wp\/v2\/pages"}],"about":[{"href":"http:\/\/www.laparolede.fr\/index.php?rest_route=\/wp\/v2\/types\/page"}],"author":[{"embeddable":true,"href":"http:\/\/www.laparolede.fr\/index.php?rest_route=\/wp\/v2\/users\/1"}],"replies":[{"embeddable":true,"href":"http:\/\/www.laparolede.fr\/index.php?rest_route=%2Fwp%2Fv2%2Fcomments&post=2253"}],"version-history":[{"count":30,"href":"http:\/\/www.laparolede.fr\/index.php?rest_route=\/wp\/v2\/pages\/2253\/revisions"}],"predecessor-version":[{"id":2587,"href":"http:\/\/www.laparolede.fr\/index.php?rest_route=\/wp\/v2\/pages\/2253\/revisions\/2587"}],"wp:attachment":[{"href":"http:\/\/www.laparolede.fr\/index.php?rest_route=%2Fwp%2Fv2%2Fmedia&parent=2253"}],"curies":[{"name":"wp","href":"https:\/\/api.w.org\/{rel}","templated":true}]}}