{"id":38,"date":"2012-09-02T12:18:58","date_gmt":"2012-09-02T11:18:58","guid":{"rendered":"http:\/\/www.laparolede.fr\/?page_id=38"},"modified":"2018-02-28T16:50:01","modified_gmt":"2018-02-28T15:50:01","slug":"des-diseuses","status":"publish","type":"page","link":"http:\/\/www.laparolede.fr\/?page_id=38","title":{"rendered":"\u00ab\u00a0Les jardins-chiens\u00a0\u00bb 2006"},"content":{"rendered":"<p><a href=\"http:\/\/www.laparolede.fr\/wp-content\/uploads\/DSC_0059.jpg\"><img loading=\"lazy\" decoding=\"async\" class=\"alignnone size-medium wp-image-310\" title=\"DSC_0059\" src=\"http:\/\/www.laparolede.fr\/wp-content\/uploads\/DSC_0059-199x300.jpg\" alt=\"\" width=\"199\" height=\"300\" srcset=\"http:\/\/www.laparolede.fr\/wp-content\/uploads\/DSC_0059-199x300.jpg 199w, http:\/\/www.laparolede.fr\/wp-content\/uploads\/DSC_0059.jpg 425w\" sizes=\"auto, (max-width: 199px) 100vw, 199px\" \/><\/a>\u00a0\u00a0\u00a0 <a href=\"http:\/\/www.laparolede.fr\/wp-content\/uploads\/DSC_00391.jpg\"><img loading=\"lazy\" decoding=\"async\" class=\"size-medium wp-image-305 alignright\" title=\"DSC_0039\" src=\"http:\/\/www.laparolede.fr\/wp-content\/uploads\/DSC_00391-199x300.jpg\" alt=\"\" width=\"199\" height=\"300\" srcset=\"http:\/\/www.laparolede.fr\/wp-content\/uploads\/DSC_00391-199x300.jpg 199w, http:\/\/www.laparolede.fr\/wp-content\/uploads\/DSC_00391.jpg 425w\" sizes=\"auto, (max-width: 199px) 100vw, 199px\" \/><\/a>\u00a0Au coin des rues, derri\u00e8res les palissades, des jardins poussent impun\u00e9ment. Jardins urbains, jardins vagabonds, surgis d&rsquo;un amas de poussi\u00e8re et de terre&#8230;Sur les berges du rh\u00f4ne, le long du parc de la t\u00eate d&rsquo;Or, lors de la manifestation \u00ab\u00a0sous les arbres\u00a0\u00bb, les com\u00e9diens de la compagnie prom\u00e8nent des jardins miniatures, dansent avec le public et r\u00e9citent des po\u00e8mes.\u00a0\u00a0\u00a0\u00a0\u00a0\u00a0\u00a0\u00a0\u00a0\u00a0\u00a0\u00a0\u00a0\u00a0\u00a0\u00a0\u00a0\u00a0\u00a0\u00a0\u00a0\u00a0\u00a0\u00a0\u00a0\u00a0\u00a0\u00a0\u00a0\u00a0\u00a0\u00a0\u00a0\u00a0\u00a0\u00a0\u00a0\u00a0\u00a0\u00a0\u00a0\u00a0\u00a0\u00a0\u00a0\u00a0\u00a0\u00a0\u00a0\u00a0\u00a0\u00a0\u00a0 D\u00e9ambulation loufoque avec C\u00e9line B\u00e9ton, Karine Dufaut, Sara Fernandez, Marie Oury, Marion Piqu\u00e9, Olivier Mesnard, Florence Meier\u00a0et les auteurs : Rebotier, Rimbaud, Albane Gell\u00e9, Rodrigo Garcia, Gertrude Stein, Michel Foucault (texte sur l&rsquo;h\u00e9t\u00e9rotopie)<\/p>\n<p><img loading=\"lazy\" decoding=\"async\" class=\"aligncenter\" title=\"jardin chien 2\" src=\"http:\/\/www.laparolede.fr\/wp-content\/uploads\/jardin-chien-2-300x199.jpg\" alt=\"\" width=\"300\" height=\"199\" \/><a href=\"http:\/\/www.laparolede.fr\/wp-content\/uploads\/DSC_0030.jpg\"><img loading=\"lazy\" decoding=\"async\" class=\"alignnone size-medium wp-image-303\" title=\"DSC_0030\" src=\"http:\/\/www.laparolede.fr\/wp-content\/uploads\/DSC_0030-300x199.jpg\" alt=\"\" width=\"300\" height=\"199\" srcset=\"http:\/\/www.laparolede.fr\/wp-content\/uploads\/DSC_0030-300x199.jpg 300w, http:\/\/www.laparolede.fr\/wp-content\/uploads\/DSC_0030-451x300.jpg 451w, http:\/\/www.laparolede.fr\/wp-content\/uploads\/DSC_0030.jpg 640w\" sizes=\"auto, (max-width: 300px) 100vw, 300px\" \/><\/a>\u00a0\u00a0\u00a0Conception des jardins : Sylvie Eparvier<\/p>\n<p>&nbsp;<\/p>\n","protected":false},"excerpt":{"rendered":"<p>\u00a0\u00a0\u00a0 \u00a0Au coin des rues, derri\u00e8res les palissades, des jardins poussent impun\u00e9ment. Jardins urbains, jardins vagabonds, surgis d&rsquo;un amas de poussi\u00e8re et de terre&#8230;Sur les berges du rh\u00f4ne, le long du parc de la t\u00eate d&rsquo;Or, lors de la manifestation &hellip; <a href=\"http:\/\/www.laparolede.fr\/?page_id=38\">Continuer la lecture <span class=\"meta-nav\">&rarr;<\/span><\/a><\/p>\n","protected":false},"author":1,"featured_media":0,"parent":18,"menu_order":9,"comment_status":"closed","ping_status":"closed","template":"","meta":{"ngg_post_thumbnail":0,"footnotes":""},"class_list":["post-38","page","type-page","status-publish","hentry"],"jetpack_sharing_enabled":true,"_links":{"self":[{"href":"http:\/\/www.laparolede.fr\/index.php?rest_route=\/wp\/v2\/pages\/38","targetHints":{"allow":["GET"]}}],"collection":[{"href":"http:\/\/www.laparolede.fr\/index.php?rest_route=\/wp\/v2\/pages"}],"about":[{"href":"http:\/\/www.laparolede.fr\/index.php?rest_route=\/wp\/v2\/types\/page"}],"author":[{"embeddable":true,"href":"http:\/\/www.laparolede.fr\/index.php?rest_route=\/wp\/v2\/users\/1"}],"replies":[{"embeddable":true,"href":"http:\/\/www.laparolede.fr\/index.php?rest_route=%2Fwp%2Fv2%2Fcomments&post=38"}],"version-history":[{"count":17,"href":"http:\/\/www.laparolede.fr\/index.php?rest_route=\/wp\/v2\/pages\/38\/revisions"}],"predecessor-version":[{"id":1621,"href":"http:\/\/www.laparolede.fr\/index.php?rest_route=\/wp\/v2\/pages\/38\/revisions\/1621"}],"up":[{"embeddable":true,"href":"http:\/\/www.laparolede.fr\/index.php?rest_route=\/wp\/v2\/pages\/18"}],"wp:attachment":[{"href":"http:\/\/www.laparolede.fr\/index.php?rest_route=%2Fwp%2Fv2%2Fmedia&parent=38"}],"curies":[{"name":"wp","href":"https:\/\/api.w.org\/{rel}","templated":true}]}}