{"id":52,"date":"2012-09-02T12:25:49","date_gmt":"2012-09-02T11:25:49","guid":{"rendered":"http:\/\/www.laparolede.fr\/?page_id=52"},"modified":"2018-06-11T11:02:43","modified_gmt":"2018-06-11T10:02:43","slug":"landeda-brest-2009","status":"publish","type":"page","link":"http:\/\/www.laparolede.fr\/?page_id=52","title":{"rendered":"Land\u00e9da (Brest) 2009"},"content":{"rendered":"<p><strong>R\u00e9sidence d&rsquo;artiste \u00e0 Land\u00e9da<\/strong> (Brest)\u00a0 : une semaine d&rsquo;\u00e9changes et de repr\u00e9sentations dans un petit village du Finist\u00e8re en <strong>sept 2009 dans le cadre des petites sc\u00e8nes d\u00e9m\u00e9nagent&#8230;<\/strong><\/p>\n<p>Fruit d&rsquo;une rencontre avec Didier Chr\u00e9tien, habitant militant de Landeda et de son d\u00e9sir de cr\u00e9er un collectif de spectateurs nomm\u00e9\u00a0: \u00ab\u00a0Les petites sc\u00e8nes d\u00e9m\u00e9nagent\u00a0\u00bb\u00a0 nous avons jou\u00e9\u00a0<span style=\"font-weight: 300;\">\u00ab\u00a0Ahh! ou comment r\u00e9inventer des formes d&rsquo;\u00e9treintes\u00a0\u00bb\u00a0 en appartement et dans une yourte pr\u00e8s de la mer.<\/span><\/p>\n<p><strong><img loading=\"lazy\" decoding=\"async\" title=\"DSC01062\" src=\"http:\/\/www.laparolede.fr\/wp-content\/uploads\/DSC01062-300x225.jpg\" alt=\"\" width=\"231\" height=\"180\" \/>\u00a0 <img loading=\"lazy\" decoding=\"async\" title=\"DSC01078\" src=\"http:\/\/www.laparolede.fr\/wp-content\/uploads\/DSC01078-300x225.jpg\" alt=\"\" width=\"218\" height=\"173\" \/><\/strong><\/p>\n<p><a href=\"http:\/\/www.laparolede.fr\/wp-content\/uploads\/DSC01060.jpg\"><img loading=\"lazy\" decoding=\"async\" class=\"wp-image-345 alignright\" title=\"DSC01060\" src=\"http:\/\/www.laparolede.fr\/wp-content\/uploads\/DSC01060-300x225.jpg\" alt=\"\" width=\"235\" height=\"178\" \/><\/a>le<strong>\u00a0<\/strong>Conte de <strong>\u00ab\u00a0La Loba\u00a0\u00bb<\/strong> \u00e0 la <strong>boucherie<\/strong> du village et dans la chapelle du\u00a0Broennou&#8230;\u00a0\u00a0<a href=\"http:\/\/www.laparolede.fr\/wp-content\/uploads\/DSC01079.jpg\"><img loading=\"lazy\" decoding=\"async\" class=\"alignnone  wp-image-347\" title=\"DSC01079\" src=\"http:\/\/www.laparolede.fr\/wp-content\/uploads\/DSC01079-300x225.jpg\" alt=\"\" width=\"231\" height=\"171\" \/><\/a>\u00a0 \u00a0 Nous avons r\u00e9p\u00e9t\u00e9 et jou\u00e9\u00a0<strong>\u00a0\u00ab\u00a0La femme aux os\u00a0\u00bb<\/strong> <a href=\"http:\/\/www.laparolede.fr\/wp-content\/uploads\/DSC01087.jpg\"><img loading=\"lazy\" decoding=\"async\" class=\"alignnone  wp-image-349\" title=\"DSC01087\" src=\"http:\/\/www.laparolede.fr\/wp-content\/uploads\/DSC01087-225x300.jpg\" alt=\"\" width=\"194\" height=\"291\" \/><\/a>\u00a0\u00a0 <a href=\"http:\/\/www.laparolede.fr\/wp-content\/uploads\/DSC01095.jpg\"><img loading=\"lazy\" decoding=\"async\" class=\"alignnone  wp-image-350\" title=\"DSC01095\" src=\"http:\/\/www.laparolede.fr\/wp-content\/uploads\/DSC01095-300x225.jpg\" alt=\"\" width=\"208\" height=\"161\" \/><\/a><strong>\u00a0accompagn\u00e9 musicalement par\u00a0<\/strong>J\u00e9r\u00f4me K\u00e9rihuel, percussionniste et le conteur Marc Bul\u00e9on de passage dans le village.<\/p>\n<p>&nbsp;<\/p>\n<p>&nbsp;<\/p>\n<p>&nbsp;<\/p>\n<p><strong><\/strong><\/p>\n<p>&nbsp;<\/p>\n<p>&nbsp;<\/p>\n<p>&nbsp;<\/p>\n<p>&nbsp;<\/p>\n<p>&nbsp;<\/p>\n","protected":false},"excerpt":{"rendered":"<p>R\u00e9sidence d&rsquo;artiste \u00e0 Land\u00e9da (Brest)\u00a0 : une semaine d&rsquo;\u00e9changes et de repr\u00e9sentations dans un petit village du Finist\u00e8re en sept 2009 dans le cadre des petites sc\u00e8nes d\u00e9m\u00e9nagent&#8230; Fruit d&rsquo;une rencontre avec Didier Chr\u00e9tien, habitant militant de Landeda et de &hellip; <a href=\"http:\/\/www.laparolede.fr\/?page_id=52\">Continuer la lecture <span class=\"meta-nav\">&rarr;<\/span><\/a><\/p>\n","protected":false},"author":1,"featured_media":0,"parent":46,"menu_order":4,"comment_status":"closed","ping_status":"closed","template":"","meta":{"ngg_post_thumbnail":0,"footnotes":""},"class_list":["post-52","page","type-page","status-publish","hentry"],"jetpack_sharing_enabled":true,"_links":{"self":[{"href":"http:\/\/www.laparolede.fr\/index.php?rest_route=\/wp\/v2\/pages\/52","targetHints":{"allow":["GET"]}}],"collection":[{"href":"http:\/\/www.laparolede.fr\/index.php?rest_route=\/wp\/v2\/pages"}],"about":[{"href":"http:\/\/www.laparolede.fr\/index.php?rest_route=\/wp\/v2\/types\/page"}],"author":[{"embeddable":true,"href":"http:\/\/www.laparolede.fr\/index.php?rest_route=\/wp\/v2\/users\/1"}],"replies":[{"embeddable":true,"href":"http:\/\/www.laparolede.fr\/index.php?rest_route=%2Fwp%2Fv2%2Fcomments&post=52"}],"version-history":[{"count":22,"href":"http:\/\/www.laparolede.fr\/index.php?rest_route=\/wp\/v2\/pages\/52\/revisions"}],"predecessor-version":[{"id":1795,"href":"http:\/\/www.laparolede.fr\/index.php?rest_route=\/wp\/v2\/pages\/52\/revisions\/1795"}],"up":[{"embeddable":true,"href":"http:\/\/www.laparolede.fr\/index.php?rest_route=\/wp\/v2\/pages\/46"}],"wp:attachment":[{"href":"http:\/\/www.laparolede.fr\/index.php?rest_route=%2Fwp%2Fv2%2Fmedia&parent=52"}],"curies":[{"name":"wp","href":"https:\/\/api.w.org\/{rel}","templated":true}]}}