{"id":68,"date":"2012-09-02T12:38:33","date_gmt":"2012-09-02T11:38:33","guid":{"rendered":"http:\/\/www.laparolede.fr\/?page_id=68"},"modified":"2018-09-17T15:18:04","modified_gmt":"2018-09-17T14:18:04","slug":"dossier-de-presse-2","status":"publish","type":"page","link":"http:\/\/www.laparolede.fr\/?page_id=68","title":{"rendered":"CV de la Cie et Dossier de Presse"},"content":{"rendered":"<p><strong>2003&nbsp; &nbsp; Cr\u00e9ation de la Cie \u00ab&nbsp;La parole de&nbsp;\u00bb &nbsp; &nbsp; &nbsp; &nbsp; &nbsp; &nbsp; &nbsp; &nbsp; &nbsp; &nbsp; &nbsp; &nbsp; &nbsp; &nbsp; &nbsp; &nbsp; &nbsp; &nbsp; &nbsp; &nbsp; &nbsp; &nbsp; &nbsp; &nbsp; &nbsp; &nbsp; &nbsp; &nbsp; &nbsp; &nbsp; &nbsp; &nbsp; &nbsp; &nbsp; &nbsp; &nbsp; &nbsp; &nbsp; &nbsp; &nbsp;<\/strong><strong>&nbsp;<\/strong><strong>Cr\u00e9ation<\/strong><strong> \u00ab&nbsp;Histoires de famille&nbsp;\u00bb <\/strong><span style=\"font-weight: 300;\">de Biljana Srbljanovic. &nbsp; &nbsp; &nbsp; &nbsp; &nbsp; &nbsp; &nbsp; &nbsp; &nbsp; &nbsp; &nbsp; &nbsp; &nbsp; &nbsp; &nbsp; &nbsp; &nbsp; &nbsp; &nbsp; &nbsp; &nbsp; &nbsp; &nbsp; &nbsp; <\/span><span style=\"font-weight: 300;\">Repr\u00e9sentations \u00e0 Ram Dam (St Foi les Lyon) et au Th\u00e9\u00e2tre des trois huit&nbsp; &nbsp; &nbsp; &nbsp; &nbsp; &nbsp; &nbsp; &nbsp; &nbsp; &nbsp; &nbsp; (Villeurbanne).<\/span><\/p>\n<p><strong>2004 &nbsp; <\/strong><strong>Cr\u00e9ation<\/strong><strong> \u00ab&nbsp;Bien, tiens, viens&nbsp;\u00bb<\/strong> cr\u00e9\u00e9 \u00e0 partir des textes de G. Stein, K.&nbsp; &nbsp; &nbsp; &nbsp; &nbsp; &nbsp; &nbsp; &nbsp; &nbsp; &nbsp; &nbsp; &nbsp; &nbsp; &nbsp; Molnar et K. Schwitters. &nbsp; &nbsp; &nbsp; &nbsp; &nbsp; &nbsp; &nbsp; &nbsp; &nbsp; &nbsp; &nbsp; &nbsp; &nbsp; &nbsp; &nbsp; &nbsp; &nbsp; &nbsp; &nbsp; &nbsp; &nbsp; &nbsp; &nbsp; &nbsp; &nbsp; &nbsp; &nbsp; &nbsp; &nbsp; &nbsp; &nbsp; &nbsp; &nbsp; &nbsp; &nbsp; &nbsp; &nbsp; &nbsp; &nbsp; &nbsp; &nbsp; &nbsp; &nbsp; &nbsp; &nbsp; &nbsp; &nbsp; &nbsp; &nbsp; &nbsp; &nbsp; <span style=\"font-weight: 300;\">Repr\u00e9sentations \u00e0 l\u2019Espace latino, dans le cadre de \u00ab&nbsp;l\u2019Et\u00e9 des pentes&nbsp;\u00bb, \u00e0&nbsp; &nbsp; &nbsp; &nbsp; &nbsp; &nbsp; &nbsp; &nbsp; &nbsp; &nbsp; &nbsp; &nbsp;l\u2019H\u00f4pital St Jean de Dieu, au service de jour de l\u2019H\u00f4pital psychiatrique de&nbsp; &nbsp; &nbsp; &nbsp; &nbsp; &nbsp; &nbsp; &nbsp; &nbsp; &nbsp; &nbsp; &nbsp; Gerland et au Bar \u00ab&nbsp;De<\/span> <span style=\"font-weight: 300;\">l\u2019autre c\u00f4t\u00e9 du pont&nbsp;\u00bb<\/span><strong>.<\/strong><\/p>\n<p><strong>2005&nbsp; <\/strong><strong>Cr\u00e9ation<\/strong><strong> \u00ab&nbsp;Les Troyennes&nbsp;\u00bb <\/strong>d\u2019Euripide<strong>&nbsp; &nbsp; &nbsp; &nbsp; &nbsp; &nbsp; &nbsp; &nbsp; &nbsp; &nbsp; &nbsp; &nbsp; &nbsp; &nbsp; &nbsp; &nbsp; &nbsp; &nbsp; &nbsp; &nbsp; &nbsp; &nbsp; &nbsp; &nbsp; &nbsp; &nbsp; &nbsp; &nbsp; &nbsp; &nbsp; &nbsp; &nbsp; &nbsp; &nbsp; &nbsp; &nbsp; &nbsp; &nbsp; <\/strong><span style=\"font-weight: 300;\">Cr\u00e9ation et repr\u00e9sentations \u00e0 l\u2019Annexe (Valence) et au Th\u00e9\u00e2tre de poche du&nbsp; &nbsp; &nbsp; &nbsp; &nbsp; &nbsp; &nbsp; &nbsp; &nbsp; &nbsp; Pays<\/span> <span style=\"font-weight: 300;\">Haut (Longwy) et au Th\u00e9\u00e2tre de L\u2018Elys\u00e9e (Lyon)<\/span><\/p>\n<p><strong>&nbsp; &nbsp; &nbsp; &nbsp; &nbsp; &nbsp;<\/strong><strong>Cr\u00e9ation<\/strong><strong> \u00ab&nbsp;Mes Biblioth\u00e8ques&nbsp;\u00bb de Karl Hollande. &nbsp; &nbsp; &nbsp; &nbsp; &nbsp; &nbsp; &nbsp; &nbsp; &nbsp; &nbsp; &nbsp; &nbsp; &nbsp; &nbsp; &nbsp; &nbsp; &nbsp; &nbsp; &nbsp; &nbsp; &nbsp; &nbsp; &nbsp; &nbsp; &nbsp; &nbsp; &nbsp; &nbsp;<\/strong><span style=\"font-weight: 300;\">Cr\u00e9ation et repr\u00e9sentations&nbsp; en octobre 2005 \u00e0 <\/span><em style=\"font-weight: 300;\">l\u2019Espace latino <\/em><span style=\"font-weight: 300;\">dans le cadre&nbsp; &nbsp; &nbsp; &nbsp; &nbsp; &nbsp; &nbsp; &nbsp; &nbsp; &nbsp;du \u00ab&nbsp;festival de litt\u00e9rature latino am\u00e9ricain&nbsp;\u00bb.<\/span><\/p>\n<p><strong>&nbsp; &nbsp; &nbsp; &nbsp; &nbsp; &nbsp;\u00ab&nbsp;Les jardins chiens&nbsp;\u00bb <\/strong><span style=\"font-weight: 300;\">d\u00e9ambulation po\u00e9tique sur les quais de Sa\u00f4ne<\/span><\/p>\n<p><strong>2006&nbsp; &nbsp;&nbsp;<\/strong><strong>Cr\u00e9ation Lecture spectacle \u00ab&nbsp;La femme et l\u2019amour&nbsp;\u00bb<\/strong>&nbsp;d&rsquo;apr\u00e8s Marguerite Duras.&nbsp;<\/p>\n<p style=\"text-align: left;\"><strong>2007&nbsp; &nbsp; Cr\u00e9ation<\/strong><strong> \u00ab&nbsp;Enfance&nbsp;\u00bb<\/strong> d\u2019apr\u00e8s Nathalie Sarraute<em>&nbsp; &nbsp; &nbsp; &nbsp; &nbsp; &nbsp; &nbsp; &nbsp; &nbsp; &nbsp; &nbsp; &nbsp; &nbsp; &nbsp; &nbsp; &nbsp; &nbsp; &nbsp; &nbsp; &nbsp; &nbsp; &nbsp; &nbsp; &nbsp; &nbsp; &nbsp; &nbsp; &nbsp; &nbsp; &nbsp; &nbsp; &nbsp;<\/em><span style=\"font-weight: 300;\">Repr\u00e9sentations en appartement, \u00e0 la r\u00e9sidence Constant (Lyon 3<\/span><sup style=\"font-weight: 300;\">\u00e8me<\/sup><span style=\"font-weight: 300;\">), \u00e0&nbsp; &nbsp; &nbsp; &nbsp; &nbsp; &nbsp; &nbsp; &nbsp; &nbsp; &nbsp; &nbsp; &nbsp; &nbsp; l\u2019H\u00f4pital de l\u2019Arbresle, \u00e0 la Maison familiale de l\u2019Arbresle et au Nouveau&nbsp; &nbsp; &nbsp; &nbsp; &nbsp; &nbsp; &nbsp; &nbsp; &nbsp; &nbsp; &nbsp; &nbsp; &nbsp;Th\u00e9\u00e2tre du 8<\/span><sup style=\"font-weight: 300;\">\u00e8me<\/sup><span style=\"font-weight: 300;\"> dans le festival \u00ab&nbsp;Je est un autre&nbsp;\u00bb.&nbsp;<\/span>Ateliers artistiques&nbsp; &nbsp;transg\u00e9n\u00e9rationnels entre enfants et personnes \u00e2g\u00e9es \u00e0 <em>l\u2019Ecole Montaigne<\/em> et <em>la r\u00e9sidence Cuvier<\/em>&nbsp;(Lyon 6<sup>\u00e8me<\/sup>) dans le cadre des \u00ab&nbsp;Mercredis de Lyon&nbsp;\u00bb.<\/p>\n<p><strong>2009&nbsp;:&nbsp; &nbsp;Cr\u00e9ation \u00ab&nbsp;Ahh ou comment r\u00e9inventer des formes d\u2019\u00e9treintes&nbsp;\u00bb <\/strong>de&nbsp; &nbsp; &nbsp; &nbsp; &nbsp; &nbsp; &nbsp; &nbsp; &nbsp; &nbsp; &nbsp; &nbsp; &nbsp; &nbsp;St\u00e9phane Keruel. Repr\u00e9sentation en appartement, dans les gares SNCF&nbsp; &nbsp; &nbsp; &nbsp; &nbsp; &nbsp; &nbsp; &nbsp; &nbsp; &nbsp; &nbsp; &nbsp; &nbsp;(Villefranche, Vienne, l\u2019Arbresle), au Th\u00e9\u00e2tre le Fou (Lyon 1<sup>er<\/sup> ) et lors de la&nbsp; &nbsp; &nbsp; &nbsp; &nbsp; &nbsp; &nbsp; &nbsp; &nbsp; &nbsp; &nbsp; r\u00e9sidence d\u2019artiste \u00ab&nbsp;les Petites sc\u00e8ne d\u00e9m\u00e9nagent&nbsp;\u00bb et au Point de&nbsp; &nbsp; &nbsp; &nbsp; &nbsp; &nbsp; &nbsp; &nbsp; &nbsp; &nbsp; &nbsp; &nbsp; &nbsp; &nbsp; &nbsp; &nbsp; Bascule (Marseille)<\/p>\n<p><strong>&nbsp; &nbsp; &nbsp; &nbsp; &nbsp; &nbsp; &nbsp; R\u00e9sidence d\u2019artiste \u00ab&nbsp;Les petites sc\u00e8nes d\u00e9m\u00e9nagent&nbsp;\u00bb<\/strong> (Brest). Co-&nbsp; &nbsp; &nbsp; &nbsp; &nbsp; &nbsp; &nbsp; &nbsp; &nbsp; &nbsp; &nbsp; &nbsp; &nbsp; fondateur d\u2019un collectif de spectateurs\/programmateurs de rencontres&nbsp; &nbsp; &nbsp; &nbsp; &nbsp; &nbsp; &nbsp; &nbsp; &nbsp; &nbsp; &nbsp; &nbsp; &nbsp; &nbsp; &nbsp; artistiques \u00e0 domicile<\/p>\n<p><strong>&nbsp; &nbsp; &nbsp; &nbsp; &nbsp; &nbsp; &nbsp; &nbsp;<\/strong><strong>R\u00e9sidence d\u2019artiste \u00ab&nbsp;Notre d\u00e9sir de rencontre, rencontres&nbsp; &nbsp; &nbsp; &nbsp; &nbsp; &nbsp; &nbsp; &nbsp; &nbsp; &nbsp; &nbsp; &nbsp; &nbsp; &nbsp; &nbsp; &nbsp; &nbsp; &nbsp; &nbsp; &nbsp; possibles entre le monde militant et le monde artistique&nbsp;\u00bb <\/strong><span style=\"font-weight: 300;\">au Point de&nbsp; &nbsp; &nbsp; &nbsp; &nbsp; &nbsp; &nbsp; &nbsp; &nbsp; &nbsp; &nbsp; bascule (Marseille)<\/span><\/p>\n<p><strong>2010&nbsp; \u00ab&nbsp;La terre nous est \u00e9troite&nbsp;\u00bb <\/strong>textes de <span style=\"text-decoration: underline;\">Marmoudh Darwich <\/span>Lecture &nbsp; &nbsp; &nbsp; &nbsp; &nbsp; &nbsp; &nbsp; &nbsp; &nbsp; &nbsp; &nbsp; &nbsp; &nbsp; &nbsp; &nbsp; &nbsp; &nbsp; &nbsp;Spectacle avec les habitants de lyon 5<sup>\u00e8me<\/sup> et Lyon 8<sup>\u00e8me<\/sup> partenariat Maison&nbsp; &nbsp; &nbsp; &nbsp; &nbsp; &nbsp; &nbsp; &nbsp; &nbsp; &nbsp; &nbsp; &nbsp; des Passages Projet CUCS<\/p>\n<p><strong>&nbsp; &nbsp; &nbsp; &nbsp; &nbsp; &nbsp; &nbsp; Cr\u00e9ation \u00ab&nbsp;La femme aux os&nbsp;\u00bb <\/strong>d\u2019apr\u00e8s C.P Est\u00e8s<strong>&nbsp; &nbsp; &nbsp; &nbsp; &nbsp; &nbsp; &nbsp; &nbsp; &nbsp; &nbsp; &nbsp; &nbsp; &nbsp; &nbsp; &nbsp; &nbsp; &nbsp; &nbsp; &nbsp; &nbsp; &nbsp; &nbsp; &nbsp; &nbsp; &nbsp; &nbsp; &nbsp; &nbsp; &nbsp; &nbsp; <\/strong><span style=\"font-weight: 300;\">Repr\u00e9sentations au th\u00e9\u00e2tre le Fou<\/span><\/p>\n<p><strong>2011&nbsp; &nbsp; &nbsp;Cr\u00e9ation \u00ab&nbsp;Nos esp\u00e9rances ne sont pas vaines&nbsp;\u00bb <\/strong>textes de Louise Lab\u00e9&nbsp; &nbsp; &nbsp; &nbsp; &nbsp; &nbsp; &nbsp; &nbsp; &nbsp; &nbsp; &nbsp;et Louise Michel.&nbsp;<span style=\"font-weight: 300;\">Lecture musicale. Repr\u00e9sentations \u00e0 la Maison des&nbsp; &nbsp; Passages.&nbsp; &nbsp; &nbsp; &nbsp; &nbsp; &nbsp; &nbsp; &nbsp; &nbsp; &nbsp; &nbsp; &nbsp; &nbsp; &nbsp; &nbsp; &nbsp; &nbsp; &nbsp; &nbsp; &nbsp; &nbsp; &nbsp; &nbsp; &nbsp; &nbsp; &nbsp; &nbsp; &nbsp; &nbsp;&nbsp;<\/span><\/p>\n<p><strong>&nbsp; &nbsp; &nbsp; &nbsp; &nbsp; &nbsp; &nbsp; R\u00e9sidence d\u2019artiste&nbsp;: <\/strong><span style=\"font-weight: 300;\">Mars 2011 \u00e0 juin 2011<\/span><strong> \u00ab&nbsp;Santy vous parle,&nbsp; &nbsp; &nbsp; &nbsp; &nbsp; &nbsp; &nbsp; &nbsp; &nbsp; &nbsp; &nbsp; &nbsp; &nbsp; &nbsp; &nbsp; &nbsp; &nbsp; &nbsp; l\u2019amour des voiles pour le vent du large&nbsp;\u00bb &nbsp; &nbsp; &nbsp; &nbsp; &nbsp; &nbsp; &nbsp; &nbsp; &nbsp; &nbsp; &nbsp; &nbsp; &nbsp; &nbsp; &nbsp; &nbsp; &nbsp; &nbsp; &nbsp; &nbsp; &nbsp; &nbsp; &nbsp; &nbsp; &nbsp; &nbsp; &nbsp; &nbsp; &nbsp; &nbsp; &nbsp; &nbsp; &nbsp; &nbsp; <\/strong><span style=\"font-weight: 300;\">Ateliers, Cr\u00e9ation et Repr\u00e9sentation transg\u00e9n\u00e9rationnels, Quartier Paul&nbsp; &nbsp; &nbsp; &nbsp; &nbsp; &nbsp; &nbsp; &nbsp; &nbsp; &nbsp; &nbsp; &nbsp; &nbsp; &nbsp; Santy et Place g\u00e9n\u00e9ral Andr\u00e9 (Lyon 8<\/span><sup style=\"font-weight: 300;\">\u00e8me<\/sup><span style=\"font-weight: 300;\"> ) Partenariat Maison des&nbsp; &nbsp; &nbsp; &nbsp; &nbsp; &nbsp; &nbsp; &nbsp; &nbsp; &nbsp; &nbsp; &nbsp; &nbsp; &nbsp; &nbsp; &nbsp; &nbsp; &nbsp; passages.<\/span><\/p>\n<p><strong>&nbsp; &nbsp; &nbsp; &nbsp;<\/strong>&nbsp; &nbsp; &nbsp; &nbsp;<strong>Cr\u00e9ation \u00ab&nbsp;J\u2019ai r\u00eav\u00e9 avec mes yeux&nbsp;\u00bb<\/strong> Po\u00e9sies et chants du monde avec&nbsp; &nbsp; &nbsp; &nbsp; &nbsp; &nbsp; &nbsp; &nbsp; &nbsp; &nbsp; &nbsp; &nbsp; les \u00e9l\u00e8ves de CM1 de l\u2019Ecole Giono (Lyon 8<sup>\u00e8me<\/sup> ). <span style=\"font-weight: 300;\">Repr\u00e9sentation dans le&nbsp; &nbsp; cadre du \u00ab&nbsp;printemps des po\u00e8tes&nbsp;\u00bb \u00e0 la Mairie du 8<\/span><sup style=\"font-weight: 300;\">\u00e8me <\/sup><span style=\"font-weight: 300;\">.<\/span><\/p>\n<p><strong>2012&nbsp; &nbsp; &nbsp;R\u00e9sidence d\u2019artiste&nbsp;: <\/strong>De Septembre 2012 au 22 juin 2012 <strong>\u00ab&nbsp;Voyage au&nbsp; &nbsp; &nbsp; &nbsp; &nbsp; &nbsp; &nbsp; &nbsp; &nbsp; &nbsp; &nbsp; &nbsp; &nbsp; c\u0153ur de Paul Santy&nbsp;\u00bb&nbsp; &nbsp;<span style=\"font-weight: 300;\">Ateliers, Cr\u00e9ation et Repr\u00e9sentation&nbsp; &nbsp; &nbsp; &nbsp; &nbsp; &nbsp; &nbsp; transg\u00e9n\u00e9rationnels, Quartier Paul Santy et Place g\u00e9n\u00e9ral Andr\u00e9 (Lyon 8<\/span><sup style=\"font-weight: 300;\">\u00e8me<\/sup><span style=\"font-weight: 300;\"> ) Partenariat Maison des passages.<\/span>&nbsp; &nbsp; &nbsp; &nbsp; &nbsp; &nbsp; &nbsp; &nbsp; &nbsp; &nbsp; &nbsp; &nbsp;<\/strong><\/p>\n<p><strong>&nbsp; &nbsp; &nbsp; &nbsp; &nbsp; &nbsp; &nbsp; &nbsp;Cr\u00e9ation \u00ab&nbsp;Effet papillon&nbsp;\u00bb <\/strong><span style=\"font-weight: 300;\">Trag\u00e9die po\u00e9tique et musicale &nbsp; &nbsp; &nbsp; &nbsp; &nbsp; &nbsp; &nbsp; &nbsp; &nbsp; &nbsp; &nbsp; &nbsp; &nbsp; &nbsp; &nbsp; &nbsp; &nbsp; &nbsp; &nbsp; &nbsp; &nbsp; &nbsp; &nbsp;<\/span><span style=\"font-weight: 300;\">Repr\u00e9sentation au Th\u00e9\u00e2tre de Lune, au th\u00e9\u00e2tre le fou et \u00e0 la Maison des&nbsp; &nbsp; &nbsp; &nbsp; &nbsp; &nbsp; &nbsp; &nbsp; &nbsp; &nbsp; &nbsp; &nbsp; &nbsp;Passages<\/span><\/p>\n<p><strong>&nbsp; &nbsp; &nbsp; &nbsp; &nbsp; &nbsp; &nbsp; R\u00e9sidence d\u2019artiste \u00ab&nbsp;Les petites sc\u00e8nes d\u00e9m\u00e9nagent&nbsp;\u00bb<\/strong><span style=\"font-weight: 300;\"> (Brest). &nbsp; &nbsp; &nbsp; &nbsp; &nbsp; &nbsp; &nbsp; &nbsp; &nbsp; &nbsp; &nbsp; &nbsp; &nbsp; &nbsp; &nbsp; &nbsp; &nbsp;Repr\u00e9sentations de \u00ab&nbsp;Effet papillon&nbsp;\u00bb<\/span><\/p>\n<p><strong>2013&nbsp; &nbsp; &nbsp;\u00ab&nbsp;De visages en visages, de paysages en paysages&nbsp;\u00bb &nbsp; &nbsp; &nbsp; &nbsp; &nbsp; &nbsp; &nbsp; &nbsp; &nbsp; &nbsp; &nbsp; &nbsp; &nbsp; &nbsp; &nbsp; &nbsp; &nbsp; &nbsp; &nbsp; &nbsp; &nbsp; &nbsp; &nbsp; &nbsp; &nbsp; &nbsp;<\/strong><span style=\"font-weight: 300;\">8 Soir\u00e9es po\u00e9sies&nbsp;du monde avec les musiciens du Conservatoire&nbsp; &nbsp; &nbsp; &nbsp; &nbsp; &nbsp; &nbsp; &nbsp; &nbsp; &nbsp; &nbsp; &nbsp; &nbsp; &nbsp; &nbsp; &nbsp; &nbsp; &nbsp;organis\u00e9es par la Cie la parole de, la Maison des Passages et le&nbsp; &nbsp; &nbsp; &nbsp; &nbsp; &nbsp; &nbsp; &nbsp; &nbsp; &nbsp; &nbsp; &nbsp; &nbsp; &nbsp; &nbsp; &nbsp; &nbsp; &nbsp; &nbsp; &nbsp;Conservatoire de Lyon<\/span><\/p>\n<p><strong>&nbsp; &nbsp; &nbsp; &nbsp; &nbsp; &nbsp; &nbsp; &nbsp; Cr\u00e9ation \u00ab&nbsp;Mon c\u0153ur bat sans h\u00e9siter&nbsp;\u00bb<\/strong> Po\u00e9sies et chants du monde<strong>&nbsp; &nbsp; &nbsp; &nbsp; &nbsp; &nbsp; &nbsp; &nbsp; &nbsp; &nbsp; &nbsp; &nbsp; &nbsp; &nbsp;<\/strong>avec les \u00e9l\u00e8ves de CM1 de l\u2019Ecole Giono (Lyon 8<sup>\u00e8me<\/sup> )&nbsp; &nbsp; &nbsp; &nbsp; &nbsp; &nbsp; &nbsp; &nbsp; &nbsp; &nbsp; &nbsp; &nbsp; &nbsp; &nbsp; &nbsp; &nbsp; &nbsp; &nbsp;&nbsp;<\/p>\n<p><strong>&nbsp; &nbsp; &nbsp; &nbsp; &nbsp; &nbsp; &nbsp; &nbsp; Cr\u00e9ation Les have not&nbsp;\u00bb <\/strong><span style=\"font-weight: 300;\">d\u2019apr\u00e8s les t\u00e9moignages des habitants de&nbsp; &nbsp; &nbsp; &nbsp; &nbsp; &nbsp; &nbsp; &nbsp; &nbsp; &nbsp; &nbsp; &nbsp; &nbsp; &nbsp; &nbsp; &nbsp; &nbsp; quartier populaire &nbsp; &nbsp; &nbsp; &nbsp; &nbsp; &nbsp; &nbsp; &nbsp; &nbsp; &nbsp; &nbsp; &nbsp; &nbsp; &nbsp; &nbsp; &nbsp; &nbsp; &nbsp; &nbsp; &nbsp; &nbsp; &nbsp; &nbsp; &nbsp; &nbsp; &nbsp; &nbsp; &nbsp; &nbsp; &nbsp; &nbsp; &nbsp; &nbsp; &nbsp; &nbsp; &nbsp; &nbsp; &nbsp; &nbsp; &nbsp; &nbsp; &nbsp; &nbsp; &nbsp; &nbsp; &nbsp; &nbsp; &nbsp; &nbsp; &nbsp; &nbsp; &nbsp; &nbsp; &nbsp; &nbsp; &nbsp; <\/span><span style=\"font-weight: 300;\">Projet et CUCS et \u00ab&nbsp;Tout l\u2019monde dehors&nbsp;\u00bb \/ Partenariat Maison des&nbsp; &nbsp; &nbsp; &nbsp; &nbsp; &nbsp; &nbsp; &nbsp; &nbsp; &nbsp; &nbsp; &nbsp; &nbsp; &nbsp; &nbsp; &nbsp; Passages. Repr\u00e9sentations \u00e0 la Maison des Passages, et \u00e0 la MJC&nbsp; &nbsp; &nbsp; &nbsp; &nbsp; &nbsp; &nbsp; &nbsp; &nbsp; &nbsp; &nbsp; &nbsp; &nbsp; &nbsp; &nbsp; &nbsp; Laennec Mermoz (salle Genton)<\/span><\/p>\n<p><strong>2014&nbsp; &nbsp; &nbsp; &nbsp; &nbsp;Cr\u00e9ation \u00ab&nbsp;Toit et moi c\u2019est la gal\u00e8re&nbsp;\u00bb <\/strong>avec les t\u00e9moignages des &nbsp; &nbsp; &nbsp; &nbsp; &nbsp; &nbsp; &nbsp; &nbsp; &nbsp; &nbsp; &nbsp; &nbsp; &nbsp; &nbsp; &nbsp; &nbsp; &nbsp; salari\u00e9s et des jeunes du CLLAJ de St Priest. Repr\u00e9sentation \u00e0 la MJC&nbsp; &nbsp; &nbsp; &nbsp; &nbsp; &nbsp; &nbsp; &nbsp; &nbsp; &nbsp; &nbsp; &nbsp; &nbsp; &nbsp; Jean Cocteau (St Priest)<\/p>\n<p><strong>&nbsp; &nbsp; &nbsp; &nbsp; &nbsp; &nbsp; &nbsp; &nbsp; &nbsp;\u00ab&nbsp;Les tsiganes dans les chants et la po\u00e9sie&nbsp;\u00bb <\/strong><span style=\"font-weight: 300;\">Lecture\/spectacle jou\u00e9&nbsp; &nbsp; &nbsp; &nbsp; &nbsp; &nbsp; &nbsp; &nbsp; &nbsp; &nbsp; &nbsp; &nbsp; &nbsp; &nbsp; par des \u00ab&nbsp;Gens du voyage&nbsp;\u00bb et des \u00ab&nbsp;S\u00e9dentaires&nbsp;\u00bb Partenariat Maison des&nbsp; &nbsp; &nbsp; &nbsp; &nbsp; &nbsp; &nbsp; &nbsp; &nbsp; &nbsp; Passages et ARTAG dans le cadre du festival &nbsp;\u00ab&nbsp;Itin\u00e9rance Tsigane&nbsp;\u00bb.&nbsp; &nbsp; &nbsp; &nbsp;<\/span><\/p>\n<p><strong>&nbsp; &nbsp; &nbsp; &nbsp; &nbsp; &nbsp; &nbsp; &nbsp; &nbsp;Cr\u00e9ation \u00ab&nbsp;Po\u00e8mes\u2026au ciel de la terre&nbsp;\u00bb<\/strong> <strong>&nbsp;<\/strong>Po\u00e9sies et chants du monde &nbsp; &nbsp; &nbsp; &nbsp; &nbsp; &nbsp; &nbsp; &nbsp; &nbsp; &nbsp; &nbsp; &nbsp; &nbsp;avec les \u00e9l\u00e8ves de CM1 de l\u2019Ecole Giono (Lyon 8<sup>\u00e8me<\/sup> ).&nbsp;<\/p>\n<p><strong>2015<\/strong> &nbsp;&nbsp;&nbsp;&nbsp;&nbsp;&nbsp;&nbsp;&nbsp;&nbsp;&nbsp;<strong>Cr\u00e9ation \u00ab&nbsp;Au d\u00e9but le soleil est violet tr\u00e8s clair&nbsp;\u00bb<\/strong> Po\u00e9sies et chants du&nbsp; &nbsp; &nbsp; &nbsp; &nbsp; &nbsp; &nbsp; &nbsp; &nbsp; &nbsp; &nbsp;monde avec les \u00e9l\u00e8ves de CM1 de l\u2019Ecole Daudet lyon 9<sup>\u00e8me<\/sup>&nbsp;<\/p>\n<p><strong>&nbsp; &nbsp; &nbsp; &nbsp; &nbsp; &nbsp; &nbsp; &nbsp; &nbsp; Cr\u00e9ation \u00ab&nbsp;J\u2019\u00e9cris pour faire sourire mon pays&nbsp;\u00bb<\/strong><span style=\"font-weight: 300;\"> Po\u00e9sies et chants du&nbsp; &nbsp; &nbsp; &nbsp; &nbsp; &nbsp; &nbsp; &nbsp; &nbsp; &nbsp; &nbsp; &nbsp; &nbsp;monde avec les \u00e9l\u00e8ves de CM1 de l\u2019Ecole Giono (Lyon 8<\/span><sup style=\"font-weight: 300;\">\u00e8me<\/sup><span style=\"font-weight: 300;\"> ).&nbsp;<\/span><\/p>\n<p><strong>&nbsp; &nbsp; &nbsp; &nbsp; &nbsp; &nbsp; &nbsp; &nbsp; &nbsp; Cr\u00e9ation \u00ab&nbsp;Tu \u00e9tais, je suis, nous serons&nbsp;\u00bb <\/strong>Projet \u00ab&nbsp;Travers\u00e9e&nbsp;\u00bb avec&nbsp; &nbsp; &nbsp; &nbsp; &nbsp; &nbsp; &nbsp; &nbsp; &nbsp; &nbsp; &nbsp; &nbsp; &nbsp; &nbsp;les \u00e9l\u00e8ves de CM2 de l\u2019\u00e9cole Giono(Lyon 8<sup>\u00e8me<\/sup> ).&nbsp;<\/p>\n<p><strong>&nbsp; &nbsp; &nbsp; &nbsp; &nbsp; &nbsp; &nbsp; &nbsp; &nbsp; &nbsp;\u00ab&nbsp;Quel monde d\u00e9sirons nous donc&nbsp;?&nbsp;\u00bb <\/strong>Lecture musicale. &nbsp; &nbsp; &nbsp; &nbsp; &nbsp; &nbsp; &nbsp; &nbsp; &nbsp; &nbsp; &nbsp; &nbsp; &nbsp; &nbsp; &nbsp; &nbsp; &nbsp; &nbsp; &nbsp; &nbsp; &nbsp; &nbsp; &nbsp;<span style=\"font-weight: 300;\">Partenariat \u00ab&nbsp;collectif pour une politique de la relation&nbsp;\u00bb et Maison des&nbsp; &nbsp; &nbsp; &nbsp; &nbsp; &nbsp; &nbsp; &nbsp; &nbsp; &nbsp; &nbsp; &nbsp; &nbsp; &nbsp; &nbsp;passages. Repr\u00e9sentation au Rize de Villeurbanne.<\/span><\/p>\n<p><strong>&nbsp; &nbsp; &nbsp; &nbsp; &nbsp; &nbsp; &nbsp; &nbsp; &nbsp; &nbsp;Cr\u00e9ation \u00ab&nbsp;Le chemin se fait en marchant&nbsp;\u00bb <\/strong>texte de Martine Duculty et&nbsp; &nbsp; &nbsp; &nbsp; &nbsp; &nbsp; &nbsp; &nbsp; &nbsp; &nbsp; &nbsp; &nbsp;Bruno Guichard &nbsp; &nbsp; &nbsp; &nbsp; &nbsp; &nbsp; &nbsp; &nbsp; &nbsp; &nbsp; &nbsp; &nbsp; &nbsp; &nbsp; &nbsp; &nbsp; &nbsp; &nbsp; &nbsp; &nbsp; &nbsp; &nbsp; &nbsp; &nbsp; &nbsp; &nbsp; &nbsp; &nbsp; &nbsp; &nbsp; &nbsp; &nbsp; &nbsp; &nbsp; &nbsp; &nbsp; &nbsp; &nbsp; &nbsp; &nbsp; &nbsp; &nbsp; &nbsp; &nbsp; &nbsp; &nbsp; &nbsp; &nbsp; &nbsp; &nbsp; &nbsp; &nbsp; &nbsp; &nbsp; &nbsp; &nbsp; &nbsp;<span style=\"font-weight: 300;\">Coproduction Maison des passages et ARTAG. Repr\u00e9sentation \u00e0 la MJC&nbsp; &nbsp; &nbsp; &nbsp; &nbsp; &nbsp; &nbsp; &nbsp; &nbsp; &nbsp; &nbsp; &nbsp; &nbsp;Montplaisir Lumi\u00e8re dans le cadre du festival \u00ab&nbsp;Itin\u00e9rance tsigane&nbsp;\u00bb.<\/span><\/p>\n<p><strong>2016&nbsp; &nbsp; &nbsp; &nbsp; &nbsp; &nbsp;Cr\u00e9ation \u00ab&nbsp; Et tout le monde est content&nbsp;\u00bb<\/strong> Po\u00e9sies et chants du monde&nbsp; &nbsp; &nbsp; &nbsp; &nbsp; &nbsp; &nbsp; &nbsp; &nbsp; &nbsp; &nbsp; &nbsp;avec les \u00e9l\u00e8ves de CM1 de l\u2019Ecole Giono (Lyon 8<sup>\u00e8me<\/sup> ).<\/p>\n<p><strong>&nbsp; &nbsp; &nbsp; &nbsp; &nbsp; &nbsp; &nbsp; &nbsp; &nbsp; &nbsp;Cr\u00e9ation \u00ab&nbsp;Qui suis-je&nbsp;?&nbsp;\u00bb <\/strong><span style=\"font-weight: 300;\">Projet \u00ab&nbsp;Travers\u00e9e&nbsp;\u00bb avec les \u00e9l\u00e8ves de CM2&nbsp; &nbsp; &nbsp; &nbsp; &nbsp; &nbsp; &nbsp; &nbsp; &nbsp; &nbsp; &nbsp; &nbsp; &nbsp;de l\u2019\u00e9cole Giono (Lyon 8<\/span><sup style=\"font-weight: 300;\">\u00e8me<\/sup><span style=\"font-weight: 300;\"> ) . <\/span><\/p>\n<p><strong>&nbsp; &nbsp; &nbsp; &nbsp; &nbsp; &nbsp; &nbsp; &nbsp; &nbsp; &nbsp; Les petits princes de Santy \u00ab\u00a0<\/strong><span style=\"font-weight: 300;\">Projet transg\u00e9n\u00e9rationnel<\/span><strong>&nbsp;<\/strong><span style=\"font-weight: 300;\">habitants \u00ab&nbsp;FIL&nbsp;\u00bb&nbsp;<\/span><\/p>\n<p>&nbsp;<\/p>\n<p><strong>Dossier PRESSE<\/strong><\/p>\n<p><strong>Festival Femmes en sc\u00e8nes \u00e0 Land\u00e9da ( Finist\u00e8re), novembre 2012<\/strong><\/p>\n<p><img decoding=\"async\" class=\"ngg-singlepic ngg-none\" src=\"http:\/\/www.laparolede.fr\/wp-content\/gallery\/articles-de-presse\/telegramme-7-11.jpg\" alt=\"telegramme-7-11\"><\/p>\n<p><img decoding=\"async\" class=\"ngg-singlepic ngg-none\" src=\"http:\/\/www.laparolede.fr\/wp-content\/gallery\/articles-de-presse\/ouest-france-6-11-2012.jpg\" alt=\"ouest-france-6-11-2012\"><\/p>\n<p><img decoding=\"async\" src=\"http:\/\/www.laparolede.fr\/wp-content\/gallery\/articles-de-presse\/telegramme-4-11.jpg\" alt=\"telegramme-4-11\"><\/p>\n<p><img decoding=\"async\" class=\"ngg-singlepic ngg-none\" src=\"http:\/\/www.laparolede.fr\/wp-content\/gallery\/articles-de-presse\/ouest-france-4-novembre-2012.jpg\" alt=\"ouest-france-4-novembre-2012\"><\/p>\n<p><strong>Juin 2012<\/strong><\/p>\n<p><a href=\"http:\/\/www.laparolede.fr\/wp-content\/uploads\/juin-2012.jpg\"><img loading=\"lazy\" decoding=\"async\" class=\"alignnone size-full wp-image-444\" title=\"juin 2012\" src=\"http:\/\/www.laparolede.fr\/wp-content\/uploads\/juin-2012.jpg\" alt=\"\" width=\"2219\" height=\"2810\" srcset=\"http:\/\/www.laparolede.fr\/wp-content\/uploads\/juin-2012.jpg 2219w, http:\/\/www.laparolede.fr\/wp-content\/uploads\/juin-2012-236x300.jpg 236w, http:\/\/www.laparolede.fr\/wp-content\/uploads\/juin-2012-808x1024.jpg 808w\" sizes=\"auto, (max-width: 2219px) 100vw, 2219px\" \/><\/a><\/p>\n<p><a href=\"http:\/\/www.laparolede.fr\/wp-content\/uploads\/juin-20124.jpg\"><img loading=\"lazy\" decoding=\"async\" class=\"alignnone size-full wp-image-448\" title=\"juin 2012''''\" src=\"http:\/\/www.laparolede.fr\/wp-content\/uploads\/juin-20124.jpg\" alt=\"\" width=\"2382\" height=\"1927\" srcset=\"http:\/\/www.laparolede.fr\/wp-content\/uploads\/juin-20124.jpg 2382w, http:\/\/www.laparolede.fr\/wp-content\/uploads\/juin-20124-300x242.jpg 300w, http:\/\/www.laparolede.fr\/wp-content\/uploads\/juin-20124-1024x828.jpg 1024w, http:\/\/www.laparolede.fr\/wp-content\/uploads\/juin-20124-370x300.jpg 370w\" sizes=\"auto, (max-width: 2382px) 100vw, 2382px\" \/><\/a><\/p>\n<p><a href=\"http:\/\/www.laparolede.fr\/wp-content\/uploads\/juin-20122.jpg\"><img loading=\"lazy\" decoding=\"async\" class=\"alignnone size-full wp-image-446\" title=\"juin 2012\" src=\"http:\/\/www.laparolede.fr\/wp-content\/uploads\/juin-20122.jpg\" alt=\"\" width=\"2178\" height=\"2461\" srcset=\"http:\/\/www.laparolede.fr\/wp-content\/uploads\/juin-20122.jpg 2178w, http:\/\/www.laparolede.fr\/wp-content\/uploads\/juin-20122-265x300.jpg 265w, http:\/\/www.laparolede.fr\/wp-content\/uploads\/juin-20122-906x1024.jpg 906w\" sizes=\"auto, (max-width: 2178px) 100vw, 2178px\" \/><\/a><\/p>\n<p>&nbsp;<\/p>\n<p><a href=\"http:\/\/www.laparolede.fr\/wp-content\/uploads\/juin-20121.jpg\"><img loading=\"lazy\" decoding=\"async\" class=\"alignnone size-full wp-image-445\" title=\"juin 2012''\" src=\"http:\/\/www.laparolede.fr\/wp-content\/uploads\/juin-20121.jpg\" alt=\"\" width=\"2208\" height=\"2240\" srcset=\"http:\/\/www.laparolede.fr\/wp-content\/uploads\/juin-20121.jpg 2208w, http:\/\/www.laparolede.fr\/wp-content\/uploads\/juin-20121-295x300.jpg 295w, http:\/\/www.laparolede.fr\/wp-content\/uploads\/juin-20121-1009x1024.jpg 1009w\" sizes=\"auto, (max-width: 2208px) 100vw, 2208px\" \/><\/a><\/p>\n<p><strong>Atelier de po\u00e9sie- th\u00e9\u00e2tre, septembre 2010<\/strong><\/p>\n<p><a href=\"http:\/\/www.laparolede.fr\/wp-content\/uploads\/septembre-2010.jpg\"><img loading=\"lazy\" decoding=\"async\" class=\"alignnone size-full wp-image-450\" title=\"septembre 2010\" src=\"http:\/\/www.laparolede.fr\/wp-content\/uploads\/septembre-2010.jpg\" alt=\"\" width=\"2585\" height=\"1416\" srcset=\"http:\/\/www.laparolede.fr\/wp-content\/uploads\/septembre-2010.jpg 2585w, http:\/\/www.laparolede.fr\/wp-content\/uploads\/septembre-2010-300x164.jpg 300w, http:\/\/www.laparolede.fr\/wp-content\/uploads\/septembre-2010-1024x560.jpg 1024w, http:\/\/www.laparolede.fr\/wp-content\/uploads\/septembre-2010-500x273.jpg 500w\" sizes=\"auto, (max-width: 2585px) 100vw, 2585px\" \/><\/a><\/p>\n<p><strong>Les Petites Sc\u00e8nes D\u00e9m\u00e9nagent, 2009<\/strong><\/p>\n<p><a href=\"http:\/\/www.laparolede.fr\/wp-content\/uploads\/ao\u00fbt-2009.jpg\"><img loading=\"lazy\" decoding=\"async\" class=\"alignnone size-full wp-image-451\" title=\"ao\u00fbt 2009\" src=\"http:\/\/www.laparolede.fr\/wp-content\/uploads\/ao\u00fbt-2009.jpg\" alt=\"\" width=\"2190\" height=\"2580\" srcset=\"http:\/\/www.laparolede.fr\/wp-content\/uploads\/ao\u00fbt-2009.jpg 2190w, http:\/\/www.laparolede.fr\/wp-content\/uploads\/ao\u00fbt-2009-254x300.jpg 254w, http:\/\/www.laparolede.fr\/wp-content\/uploads\/ao\u00fbt-2009-869x1024.jpg 869w\" sizes=\"auto, (max-width: 2190px) 100vw, 2190px\" \/><\/a><\/p>\n<p><a href=\"http:\/\/www.laparolede.fr\/wp-content\/uploads\/septembre-2009.jpg\"><img loading=\"lazy\" decoding=\"async\" class=\"alignnone size-full wp-image-452\" title=\"septembre 2009\" src=\"http:\/\/www.laparolede.fr\/wp-content\/uploads\/septembre-2009.jpg\" alt=\"\" width=\"2033\" height=\"1548\" srcset=\"http:\/\/www.laparolede.fr\/wp-content\/uploads\/septembre-2009.jpg 2033w, http:\/\/www.laparolede.fr\/wp-content\/uploads\/septembre-2009-300x228.jpg 300w, http:\/\/www.laparolede.fr\/wp-content\/uploads\/septembre-2009-1024x779.jpg 1024w, http:\/\/www.laparolede.fr\/wp-content\/uploads\/septembre-2009-393x300.jpg 393w\" sizes=\"auto, (max-width: 2033px) 100vw, 2033px\" \/><\/a><\/p>\n<p><a href=\"http:\/\/www.laparolede.fr\/wp-content\/uploads\/septembre-20091.jpg\"><img loading=\"lazy\" decoding=\"async\" class=\"alignnone size-full wp-image-453\" title=\"septembre 2009'\" src=\"http:\/\/www.laparolede.fr\/wp-content\/uploads\/septembre-20091.jpg\" alt=\"\" width=\"2364\" height=\"3066\" srcset=\"http:\/\/www.laparolede.fr\/wp-content\/uploads\/septembre-20091.jpg 2364w, http:\/\/www.laparolede.fr\/wp-content\/uploads\/septembre-20091-231x300.jpg 231w, http:\/\/www.laparolede.fr\/wp-content\/uploads\/septembre-20091-789x1024.jpg 789w\" sizes=\"auto, (max-width: 2364px) 100vw, 2364px\" \/><\/a><\/p>\n<p><a href=\"http:\/\/www.laparolede.fr\/wp-content\/uploads\/septembre-20092.jpg\"><img loading=\"lazy\" decoding=\"async\" class=\"alignnone size-full wp-image-454\" title=\"septembre 2009''\" src=\"http:\/\/www.laparolede.fr\/wp-content\/uploads\/septembre-20092.jpg\" alt=\"\" width=\"1985\" height=\"3383\" srcset=\"http:\/\/www.laparolede.fr\/wp-content\/uploads\/septembre-20092.jpg 1985w, http:\/\/www.laparolede.fr\/wp-content\/uploads\/septembre-20092-176x300.jpg 176w, http:\/\/www.laparolede.fr\/wp-content\/uploads\/septembre-20092-600x1024.jpg 600w\" sizes=\"auto, (max-width: 1985px) 100vw, 1985px\" \/><\/a><\/p>\n<p><strong>Les Troyennes, 2005<\/strong><\/p>\n<p><a href=\"http:\/\/www.laparolede.fr\/wp-content\/uploads\/f\u00e9vrier-2005.jpg\"><img loading=\"lazy\" decoding=\"async\" class=\"alignnone size-full wp-image-455\" title=\"f\u00e9vrier 2005\" src=\"http:\/\/www.laparolede.fr\/wp-content\/uploads\/f\u00e9vrier-2005.jpg\" alt=\"\" width=\"2279\" height=\"2369\" srcset=\"http:\/\/www.laparolede.fr\/wp-content\/uploads\/f\u00e9vrier-2005.jpg 2279w, http:\/\/www.laparolede.fr\/wp-content\/uploads\/f\u00e9vrier-2005-288x300.jpg 288w, http:\/\/www.laparolede.fr\/wp-content\/uploads\/f\u00e9vrier-2005-985x1024.jpg 985w\" sizes=\"auto, (max-width: 2279px) 100vw, 2279px\" \/><\/a><\/p>\n<p><a href=\"http:\/\/www.laparolede.fr\/wp-content\/uploads\/novembre-2005.jpg\"><img loading=\"lazy\" decoding=\"async\" class=\"alignnone size-full wp-image-456\" title=\"novembre 2005\" src=\"http:\/\/www.laparolede.fr\/wp-content\/uploads\/novembre-2005.jpg\" alt=\"\" width=\"2232\" height=\"2982\" srcset=\"http:\/\/www.laparolede.fr\/wp-content\/uploads\/novembre-2005.jpg 2232w, http:\/\/www.laparolede.fr\/wp-content\/uploads\/novembre-2005-224x300.jpg 224w, http:\/\/www.laparolede.fr\/wp-content\/uploads\/novembre-2005-766x1024.jpg 766w\" sizes=\"auto, (max-width: 2232px) 100vw, 2232px\" \/><\/a><\/p>\n<p><a href=\"http:\/\/www.laparolede.fr\/wp-content\/uploads\/novembre-20051.jpg\"><img loading=\"lazy\" decoding=\"async\" class=\"alignnone size-full wp-image-457\" title=\"novembre 2005'\" src=\"http:\/\/www.laparolede.fr\/wp-content\/uploads\/novembre-20051.jpg\" alt=\"\" width=\"2694\" height=\"2345\" srcset=\"http:\/\/www.laparolede.fr\/wp-content\/uploads\/novembre-20051.jpg 2694w, http:\/\/www.laparolede.fr\/wp-content\/uploads\/novembre-20051-300x261.jpg 300w, http:\/\/www.laparolede.fr\/wp-content\/uploads\/novembre-20051-1024x891.jpg 1024w, http:\/\/www.laparolede.fr\/wp-content\/uploads\/novembre-20051-344x300.jpg 344w\" sizes=\"auto, (max-width: 2694px) 100vw, 2694px\" \/><\/a><a href=\"http:\/\/www.laparolede.fr\/wp-content\/uploads\/novembre-20052.jpg\"><img loading=\"lazy\" decoding=\"async\" class=\"alignnone size-full wp-image-458\" title=\"novembre 2005''\" src=\"http:\/\/www.laparolede.fr\/wp-content\/uploads\/novembre-20052.jpg\" alt=\"\" width=\"3186\" height=\"1991\" srcset=\"http:\/\/www.laparolede.fr\/wp-content\/uploads\/novembre-20052.jpg 3186w, http:\/\/www.laparolede.fr\/wp-content\/uploads\/novembre-20052-300x187.jpg 300w, http:\/\/www.laparolede.fr\/wp-content\/uploads\/novembre-20052-1024x639.jpg 1024w, http:\/\/www.laparolede.fr\/wp-content\/uploads\/novembre-20052-480x300.jpg 480w\" sizes=\"auto, (max-width: 3186px) 100vw, 3186px\" \/><\/a><a href=\"http:\/\/www.laparolede.fr\/wp-content\/uploads\/novembre-20053.jpg\"><img loading=\"lazy\" decoding=\"async\" class=\"alignnone size-full wp-image-459\" title=\"novembre 2005''''\" src=\"http:\/\/www.laparolede.fr\/wp-content\/uploads\/novembre-20053.jpg\" alt=\"\" width=\"2316\" height=\"1374\" srcset=\"http:\/\/www.laparolede.fr\/wp-content\/uploads\/novembre-20053.jpg 2316w, http:\/\/www.laparolede.fr\/wp-content\/uploads\/novembre-20053-300x177.jpg 300w, http:\/\/www.laparolede.fr\/wp-content\/uploads\/novembre-20053-1024x607.jpg 1024w, http:\/\/www.laparolede.fr\/wp-content\/uploads\/novembre-20053-500x296.jpg 500w\" sizes=\"auto, (max-width: 2316px) 100vw, 2316px\" \/><\/a><\/p>\n<p><strong>Bien, Tiens, Viens, 2004<\/strong><\/p>\n<p><a href=\"http:\/\/www.laparolede.fr\/wp-content\/uploads\/mars-2004.jpg\"><img loading=\"lazy\" decoding=\"async\" class=\"alignnone size-full wp-image-461\" title=\"mars 2004\" src=\"http:\/\/www.laparolede.fr\/wp-content\/uploads\/mars-2004.jpg\" alt=\"\" width=\"1632\" height=\"1962\" srcset=\"http:\/\/www.laparolede.fr\/wp-content\/uploads\/mars-2004.jpg 1632w, http:\/\/www.laparolede.fr\/wp-content\/uploads\/mars-2004-249x300.jpg 249w, http:\/\/www.laparolede.fr\/wp-content\/uploads\/mars-2004-851x1024.jpg 851w\" sizes=\"auto, (max-width: 1632px) 100vw, 1632px\" \/><\/a><\/p>\n<p><strong>Cyrk Klotz, 2003<\/strong><\/p>\n<p><a href=\"http:\/\/www.laparolede.fr\/wp-content\/uploads\/mai-2003.jpg\"><img loading=\"lazy\" decoding=\"async\" class=\"alignnone size-full wp-image-460\" title=\"mai 2003\" src=\"http:\/\/www.laparolede.fr\/wp-content\/uploads\/mai-2003.jpg\" alt=\"\" width=\"2159\" height=\"2279\" srcset=\"http:\/\/www.laparolede.fr\/wp-content\/uploads\/mai-2003.jpg 2159w, http:\/\/www.laparolede.fr\/wp-content\/uploads\/mai-2003-284x300.jpg 284w, http:\/\/www.laparolede.fr\/wp-content\/uploads\/mai-2003-970x1024.jpg 970w\" sizes=\"auto, (max-width: 2159px) 100vw, 2159px\" \/><\/a><\/p>\n<p>&nbsp;<\/p>\n","protected":false},"excerpt":{"rendered":"<p>2003&nbsp; &nbsp; Cr\u00e9ation de la Cie \u00ab&nbsp;La parole de&nbsp;\u00bb &nbsp; &nbsp; &nbsp; &nbsp; &nbsp; &nbsp; &nbsp; &nbsp; &nbsp; &nbsp; &nbsp; &nbsp; &nbsp; &nbsp; &nbsp; &nbsp; &nbsp; &nbsp; &nbsp; &nbsp; &nbsp; &nbsp; &nbsp; &nbsp; &nbsp; &nbsp; &nbsp; &nbsp; &nbsp; &nbsp; &nbsp; &hellip; <a href=\"http:\/\/www.laparolede.fr\/?page_id=68\">Continuer la lecture <span class=\"meta-nav\">&rarr;<\/span><\/a><\/p>\n","protected":false},"author":1,"featured_media":0,"parent":70,"menu_order":2,"comment_status":"closed","ping_status":"closed","template":"","meta":{"ngg_post_thumbnail":0,"footnotes":""},"class_list":["post-68","page","type-page","status-publish","hentry"],"jetpack_sharing_enabled":true,"_links":{"self":[{"href":"http:\/\/www.laparolede.fr\/index.php?rest_route=\/wp\/v2\/pages\/68","targetHints":{"allow":["GET"]}}],"collection":[{"href":"http:\/\/www.laparolede.fr\/index.php?rest_route=\/wp\/v2\/pages"}],"about":[{"href":"http:\/\/www.laparolede.fr\/index.php?rest_route=\/wp\/v2\/types\/page"}],"author":[{"embeddable":true,"href":"http:\/\/www.laparolede.fr\/index.php?rest_route=\/wp\/v2\/users\/1"}],"replies":[{"embeddable":true,"href":"http:\/\/www.laparolede.fr\/index.php?rest_route=%2Fwp%2Fv2%2Fcomments&post=68"}],"version-history":[{"count":14,"href":"http:\/\/www.laparolede.fr\/index.php?rest_route=\/wp\/v2\/pages\/68\/revisions"}],"predecessor-version":[{"id":2026,"href":"http:\/\/www.laparolede.fr\/index.php?rest_route=\/wp\/v2\/pages\/68\/revisions\/2026"}],"up":[{"embeddable":true,"href":"http:\/\/www.laparolede.fr\/index.php?rest_route=\/wp\/v2\/pages\/70"}],"wp:attachment":[{"href":"http:\/\/www.laparolede.fr\/index.php?rest_route=%2Fwp%2Fv2%2Fmedia&parent=68"}],"curies":[{"name":"wp","href":"https:\/\/api.w.org\/{rel}","templated":true}]}}